{"version":"1.0","provider_name":"Nodus Barber\u00e0","provider_url":"https:\/\/nodusbarbera.cat\/es\/","author_name":"webmaster","author_url":"https:\/\/nodusbarbera.cat\/es\/author\/webmaster\/","title":"Renovado el compromiso de Barber\u00e0 con Reempresa - Nodus Barber\u00e0","type":"rich","width":600,"height":338,"html":"<blockquote class=\"wp-embedded-content\" data-secret=\"ziOKNxlsQz\"><a href=\"https:\/\/nodusbarbera.cat\/es\/agenda\/compromiso-barbera-con-reempresa\/\">Renovado el compromiso de Barber\u00e0 con Reempresa<\/a><\/blockquote><iframe sandbox=\"allow-scripts\" security=\"restricted\" src=\"https:\/\/nodusbarbera.cat\/es\/agenda\/compromiso-barbera-con-reempresa\/embed\/#?secret=ziOKNxlsQz\" width=\"600\" height=\"338\" title=\"\u00abRenovado el compromiso de Barber\u00e0 con Reempresa\u00bb \u2014 Nodus Barber\u00e0\" data-secret=\"ziOKNxlsQz\" frameborder=\"0\" marginwidth=\"0\" marginheight=\"0\" scrolling=\"no\" class=\"wp-embedded-content\"><\/iframe><script>\n\/*! This file is auto-generated *\/\n!function(d,l){\"use strict\";l.querySelector&&d.addEventListener&&\"undefined\"!=typeof URL&&(d.wp=d.wp||{},d.wp.receiveEmbedMessage||(d.wp.receiveEmbedMessage=function(e){var t=e.data;if((t||t.secret||t.message||t.value)&&!\/[^a-zA-Z0-9]\/.test(t.secret)){for(var s,r,n,a=l.querySelectorAll('iframe[data-secret=\"'+t.secret+'\"]'),o=l.querySelectorAll('blockquote[data-secret=\"'+t.secret+'\"]'),c=new RegExp(\"^https?:$\",\"i\"),i=0;i<o.length;i++)o[i].style.display=\"none\";for(i=0;i<a.length;i++)s=a[i],e.source===s.contentWindow&&(s.removeAttribute(\"style\"),\"height\"===t.message?(1e3<(r=parseInt(t.value,10))?r=1e3:~~r<200&&(r=200),s.height=r):\"link\"===t.message&&(r=new URL(s.getAttribute(\"src\")),n=new URL(t.value),c.test(n.protocol))&&n.host===r.host&&l.activeElement===s&&(d.top.location.href=t.value))}},d.addEventListener(\"message\",d.wp.receiveEmbedMessage,!1),l.addEventListener(\"DOMContentLoaded\",function(){for(var e,t,s=l.querySelectorAll(\"iframe.wp-embedded-content\"),r=0;r<s.length;r++)(t=(e=s[r]).getAttribute(\"data-secret\"))||(t=Math.random().toString(36).substring(2,12),e.src+=\"#?secret=\"+t,e.setAttribute(\"data-secret\",t)),e.contentWindow.postMessage({message:\"ready\",secret:t},\"*\")},!1)))}(window,document);\n\/\/# sourceURL=https:\/\/nodusbarbera.cat\/wp-includes\/js\/wp-embed.min.js\n<\/script>\n","description":"Renovado el compromiso de Barber\u00e0 con Reempresa Barber\u00e1 del Vall\u00e9s renueva el compromiso con Reempresa por un crecimiento en positivo de la econom\u00eda local. \u00abTrabajamos para poner las bases de una econom\u00eda generadora de riqueza, y m\u00e1s y mejor bienestar social\u00bb afirma la Alcaldesa de Barber\u00e0 del Vall\u00e8s, Silvia Fuster. \u00bfCu\u00e1ndo? 26 de abril de [&hellip;]","thumbnail_url":"wp-content\/uploads\/reempresa-amb-barbera-del-valles.jpg"}