{"id":3855,"date":"2019-10-22T14:05:29","date_gmt":"2019-10-22T12:05:29","guid":{"rendered":"https:\/\/nodusbarbera.cat\/agenda\/nodus-tech-space-robotica-mobil\/"},"modified":"2020-02-13T16:16:07","modified_gmt":"2020-02-13T14:16:07","slug":"nodo-tech-space-robotica-mobil","status":"publish","type":"page","link":"https:\/\/nodusbarbera.cat\/es\/agenda\/nodo-tech-space-robotica-mobil\/","title":{"rendered":"Nodus Tech Space. Rob\u00f3tica M\u00f3vil."},"content":{"rendered":"<h2>Nodus Tech Space. Rob\u00f3tica M\u00f3vil.<\/h2>\n<div>\n<ul>\n<li>Exposici\u00f3n de Ingenier\u00eda de rob\u00f3tica m\u00f3vil colaborativa indoor y outdoor.<\/li>\n<li>Exposici\u00f3n de soluciones robotizadas para el transporte aut\u00f3nomo en el interior de las f\u00e1bricas. Veh\u00edculos peque\u00f1os para peque\u00f1as cargas.<\/li>\n<li>Demostraci\u00f3n y degustaci\u00f3n tecnol\u00f3gico y \u00faltimas novedades en automatizaci\u00f3n de procesos.<\/li>\n<li>Punto de Informaci\u00f3n de ayudas y subvenciones abiertas en I + D + I.<\/li>\n<\/ul>\n<p>9.30h \u2013 Acreditaci\u00f3n y entrega documentaci\u00f3n.<\/p>\n<p>09.45.- Bienvenida institucional<strong>\u00a0Sr. Xavier Garc\u00e9s, Alcalde de Barber\u00e0 del Vall\u00e8s<\/strong><\/p>\n<p>10.00h.- <strong>Presentaci\u00f3n de la nueva unidad de transferencia tecnol\u00f3gica NODUS TECH SPACE y retos del territorio.<\/strong>A cargo de Xavier Riba y Perejaume Ferrer<\/p>\n<p>10.15h.- Mesa redonda: <strong>\u201cNuevas tecnolog\u00edas para una movilidad aut\u00f3noma y conectada\u201d<\/strong><\/p>\n<p><strong>11.15h.- Tech&amp;Coffe: El papel estrat\u00e9gico de los AGV &#8216;s en la Industria 4.0:<\/strong> Demostraci\u00f3n de veh\u00edculos aut\u00f3nomos y conectado en diferentes aplicaciones industriales para el transporte de cargas en el interior de f\u00e1bricas. A cargo de Pere Padr\u00f2s Responsable de Innovaci\u00f3n e I + D + i de Kvinon.<\/p>\n<p>11.45h.- Presentaci\u00f3n <strong>\u201cCasos de uso de visi\u00f3n artificial aplicada al entrono d ela f\u00e1brica y el sistemas de producci\u00f3n\u201d<\/strong> Presentaci\u00f3n de 6 proyectos innovadores de \u00e9xito .. Presentado por Coen antena, Coordinador de proyectos privados 4.0 del centro de visi\u00f3n por computaci\u00f3n de la Universidad Aut\u00f3noma de Barcelona.<\/p>\n<p>12.00H.- <strong>Din\u00e1mica de trabajo: \u00ab\u00bfC\u00f3mo puedo implementar la 4.0 a mi empresa?\u00bb Din\u00e1mica de innovaci\u00f3n disruptiva para resolver retos industriales. <\/strong><\/p>\n<\/div>\n<p><img decoding=\"async\" src=\"wp-content\/uploads\/Nodus-Barbera-centre-negocis-valles-occidental.jpg\" alt=\"\"><\/p>\n<div>\n<div>\n<h3>\u00bfCu\u00e1ndo?<\/h3>\n<p>7 de noviembre de 2019<\/p>\n<\/div>\n<\/div>\n<div>\n<div>\n<h3>Hora<\/h3>\n<p>9:30h<\/p>\n<\/div>\n<\/div>\n<div>\n<div>\n<h3>\u00bfD\u00f3nde?<\/h3>\n<p><a href=\"https:\/\/goo.gl\/maps\/ZGp8BqTLok82\">Nodus Barber\u00e0<\/a><\/p>\n<\/div>\n<\/div>\n<h2>Suscr\u00edbete a nuestro bolet\u00edn<\/h2>\n<div>\n<p>Mantente al d\u00eda de la agenda de Nodus Barber\u00e0.<\/p>\n<\/div>\n<p><!-- {\"name\":\"Agenda Acte 2019\",\"type\":\"layout\",\"children\":[{\"name\":\"Intro\",\"type\":\"section\",\"props\":{\"style\":\"muted\",\"width\":\"default\",\"image_size\":\"contain\",\"animation\":\"fade\",\"padding\":\"\",\"padding_remove_top\":false,\"image\":\"\",\"image_position\":\"bottom-center\",\"media_overlay\":\"rgba(255, 255, 255, 0.87)\",\"class\":\"\",\"overlap\":false,\"image_effect\":\"\",\"text_color\":\"\",\"width_expand\":\"\",\"height\":\"\",\"header_transparent\":\"dark\",\"vertical_align\":\"middle\",\"title_position\":\"top-left\",\"title_rotation\":\"left\",\"title_breakpoint\":\"xl\"},\"children\":[{\"name\":\"\",\"type\":\"row\",\"props\":{\"fixed_width\":\"large\",\"breakpoint\":\"m\",\"layout\":\",\",\"width\":\"\",\"height\":\"\",\"margin\":\"\",\"column_gap\":\"\",\"row_gap\":\"\"},\"children\":[{\"name\":\"\",\"type\":\"column\",\"props\":{\"image_position\":\"center-center\",\"vertical_align\":\"\",\"style\":\"\",\"text_color\":\"\",\"padding\":\"\",\"media_overlay_gradient\":\"\"},\"children\":[{\"name\":\"\",\"type\":\"headline\",\"props\":{\"title_element\":\"h2\",\"content\":\"Nodus Tech Space. Rob\\u00f3tica M\\u00f3vil.\",\"title_style\":\"heading-small\",\"text_align\":\"center\",\"title_decoration\":\"\",\"animation\":\"slide-right-medium\",\"title_color\":\"primary\",\"text_align_breakpoint\":\"\",\"text_align_fallback\":\"\",\"maxwidth\":\"\",\"maxwidth_breakpoint\":\"\",\"margin\":\"\",\"visibility\":\"\",\"block_align\":\"\",\"position\":\"\",\"position_z_index\":\"\",\"block_align_breakpoint\":\"\",\"block_align_fallback\":\"\",\"title_font_family\":\"\"}},{\"name\":\"\",\"type\":\"text\",\"props\":{\"column_breakpoint\":\"m\",\"margin\":\"default\",\"content\":\"\n\n<ul>\\n\n\n<li>Exposici\\u00f3n de Ingenier\\u00eda de rob\\u00f3tica m\\u00f3vil colaborativa indoor y outdoor.<\\\/li>\\n\n\n<li>Exposici\\u00f3n de soluciones robotizadas para el transporte aut\\u00f3nomo en el interior de las f\\u00e1bricas. Veh\\u00edculos peque\\u00f1os para peque\\u00f1as cargas.<\\\/li>\\n\n\n<li>Demostraci\\u00f3n y degustaci\\u00f3n tecnol\\u00f3gico y \\u00faltimas novedades en automatizaci\\u00f3n de procesos.<\\\/li>\\n\n\n<li>Punto de Informaci\\u00f3n de ayudas y subvenciones abiertas en I + D + I.<\\\/li>\\n<\\\/ul>\\n\n\n<p>9.30h \\u2013 Acreditaci\\u00f3n y entrega documentaci\\u00f3n.<\\\/p>\\n\n\n<p>09.45.- Bienvenida institucional<strong>\\u00a0Sr. Xavier Garc\\u00e9s, Alcalde de Barber\\u00e0 del Vall\\u00e8s<\\\/strong><\\\/p>\\n\n\n<p>10.00h.- <strong>Presentaci\\u00f3n de la nueva unidad de transferencia tecnol\\u00f3gica NODUS TECH SPACE y retos del territorio.<\\\/strong>A cargo de Xavier Riba y Perejaume Ferrer<\\\/p>\\n\n\n<p>10.15h.- Mesa redonda: <strong>\\u201cNuevas tecnolog\\u00edas para una movilidad aut\\u00f3noma y conectada\\u201d<\\\/strong><\\\/p>\\n\n\n<p><strong>11.15h.- Tech&amp;Coffe: El papel estrat\\u00e9gico de los AGV 's en la Industria 4.0:<\\\/strong> Demostraci\\u00f3n de veh\\u00edculos aut\\u00f3nomos y conectado en diferentes aplicaciones industriales para el transporte de cargas en el interior de f\\u00e1bricas. A cargo de Pere Padr\\u00f2s Responsable de Innovaci\\u00f3n e I + D + i de Kvinon.<\\\/p>\\n\n\n<p>11.45h.- Presentaci\\u00f3n <strong>\\u201cCasos de uso de visi\\u00f3n artificial aplicada al entrono d ela f\\u00e1brica y el sistemas de producci\\u00f3n\\u201d<\\\/strong> Presentaci\\u00f3n de 6 proyectos innovadores de \\u00e9xito .. Presentado por Coen antena, Coordinador de proyectos privados 4.0 del centro de visi\\u00f3n por computaci\\u00f3n de la Universidad Aut\\u00f3noma de Barcelona.<\\\/p>\\n\n\n<p>12.00H.- <strong>Din\\u00e1mica de trabajo: \\\"\\u00bfC\\u00f3mo puedo implementar la 4.0 a mi empresa?\\\" Din\\u00e1mica de innovaci\\u00f3n disruptiva para resolver retos industriales. <\\\/strong><\\\/p>\",\"text_style\":\"\",\"text_color\":\"\",\"text_size\":\"\",\"column\":\"\",\"text_align\":\"\",\"text_align_breakpoint\":\"\",\"text_align_fallback\":\"\",\"maxwidth\":\"\",\"maxwidth_breakpoint\":\"\",\"animation\":\"\",\"visibility\":\"\",\"block_align\":\"\",\"position\":\"\",\"position_z_index\":\"\",\"block_align_breakpoint\":\"\",\"block_align_fallback\":\"\"}}]},{\"type\":\"column\",\"props\":{\"image_position\":\"center-center\",\"media_overlay_gradient\":\"\",\"vertical_align\":\"\",\"style\":\"\",\"text_color\":\"\",\"padding\":\"\"},\"children\":[{\"name\":\"\",\"type\":\"image\",\"props\":{\"margin\":\"default\",\"image\":\"wp-content\\\/uploads\\\/Nodus-Barbera-centre-negocis-valles-occidental.jpg\",\"animation\":\"slide-bottom-medium\",\"link_target\":\"\",\"image_border\":\"\",\"image_box_shadow\":\"\",\"image_hover_box_shadow\":\"\",\"image_box_decoration\":\"\",\"text_align\":\"center\",\"text_align_breakpoint\":\"\",\"text_align_fallback\":\"\",\"maxwidth\":\"\",\"maxwidth_breakpoint\":\"\",\"visibility\":\"\",\"image_alt\":\"\",\"image_height\":\"400\",\"image_svg_color\":\"emphasis\",\"block_align\":\"\",\"position\":\"\",\"position_z_index\":\"\",\"block_align_breakpoint\":\"\",\"block_align_fallback\":\"\"}}]}]}]},{\"type\":\"section\",\"props\":{\"style\":\"default\",\"width\":\"default\",\"vertical_align\":\"middle\",\"title_position\":\"top-left\",\"title_rotation\":\"left\",\"title_breakpoint\":\"xl\",\"image_position\":\"center-center\",\"text_color\":\"\",\"width_expand\":\"\",\"height\":\"\",\"padding\":\"\",\"header_transparent\":\"\",\"animation\":\"\"},\"children\":[{\"type\":\"row\",\"props\":{\"layout\":\",,\",\"breakpoint\":\"m\",\"fixed_width\":\"large\",\"width\":\"\",\"width_expand\":\"\",\"height\":\"\",\"margin\":\"\",\"column_gap\":\"\",\"row_gap\":\"\"},\"children\":[{\"type\":\"column\",\"props\":{\"image_position\":\"center-center\",\"media_overlay_gradient\":\"\",\"vertical_align\":\"\",\"style\":\"\",\"text_color\":\"\",\"padding\":\"\"},\"children\":[{\"type\":\"icon\",\"props\":{\"icon\":\"calendar\",\"icon_ratio\":\"3\",\"margin\":\"default\",\"icon_color\":\"primary\",\"link_style\":\"\",\"text_align\":\"center\",\"text_align_breakpoint\":\"\",\"text_align_fallback\":\"\",\"maxwidth\":\"medium\",\"maxwidth_breakpoint\":\"\",\"animation\":\"\",\"visibility\":\"\",\"block_align\":\"center\"}},{\"type\":\"list\",\"props\":{\"show_image\":true,\"show_link\":true,\"image_align\":\"left\",\"image_vertical_align\":false,\"list_style\":\"\",\"content_style\":\"h5\",\"image_border\":\"\",\"icon_color\":\"primary\",\"link_style\":\"\",\"text_align\":\"center\",\"text_align_breakpoint\":\"\",\"text_align_fallback\":\"\",\"maxwidth\":\"medium\",\"maxwidth_breakpoint\":\"\",\"margin\":\"\",\"animation\":\"\",\"visibility\":\"\",\"icon_ratio\":\"\",\"icon\":\"\",\"image_svg_color\":\"emphasis\",\"block_align\":\"center\",\"position\":\"\",\"position_z_index\":\"\",\"block_align_breakpoint\":\"\",\"block_align_fallback\":\"\"},\"children\":[{\"type\":\"list_item\",\"props\":{\"icon_color\":\"\",\"icon\":\"\",\"content\":\"\n\n<h3>\\u00bfCu\\u00e1ndo?<\\\/h3>\\n\n\n<p>7 de noviembre de 2019<\\\/p>\"}}]}]},{\"type\":\"column\",\"props\":{\"image_position\":\"center-center\",\"media_overlay_gradient\":\"\",\"vertical_align\":\"\",\"style\":\"\",\"text_color\":\"\",\"padding\":\"\"},\"children\":[{\"type\":\"icon\",\"props\":{\"icon\":\"clock\",\"icon_ratio\":\"3\",\"margin\":\"default\",\"icon_color\":\"primary\",\"link_style\":\"\",\"text_align\":\"center\",\"text_align_breakpoint\":\"\",\"text_align_fallback\":\"\",\"maxwidth\":\"medium\",\"maxwidth_breakpoint\":\"\",\"animation\":\"\",\"visibility\":\"\",\"block_align\":\"center\"}},{\"type\":\"list\",\"props\":{\"show_image\":true,\"show_link\":true,\"image_align\":\"left\",\"image_vertical_align\":false,\"list_style\":\"\",\"content_style\":\"h5\",\"image_border\":\"\",\"icon_color\":\"primary\",\"link_style\":\"\",\"text_align\":\"center\",\"text_align_breakpoint\":\"\",\"text_align_fallback\":\"\",\"maxwidth\":\"medium\",\"maxwidth_breakpoint\":\"\",\"margin\":\"\",\"animation\":\"\",\"visibility\":\"\",\"icon_ratio\":\"\",\"icon\":\"\",\"image_svg_color\":\"emphasis\",\"block_align\":\"center\",\"position\":\"\",\"position_z_index\":\"\",\"block_align_breakpoint\":\"\",\"block_align_fallback\":\"\"},\"children\":[{\"type\":\"list_item\",\"props\":{\"icon_color\":\"\",\"icon\":\"\",\"content\":\"\n\n<h3>Hora<\\\/h3>\\n\n\n<p>9:30h<\\\/p>\"}}]}]},{\"type\":\"column\",\"props\":{\"image_position\":\"center-center\",\"media_overlay_gradient\":\"\",\"vertical_align\":\"\",\"style\":\"\",\"text_color\":\"\",\"padding\":\"\"},\"children\":[{\"type\":\"icon\",\"props\":{\"icon\":\"location\",\"icon_ratio\":\"3\",\"margin\":\"default\",\"icon_color\":\"primary\",\"link_style\":\"\",\"text_align\":\"center\",\"text_align_breakpoint\":\"\",\"text_align_fallback\":\"\",\"maxwidth\":\"medium\",\"maxwidth_breakpoint\":\"\",\"animation\":\"\",\"visibility\":\"\",\"block_align\":\"center\"}},{\"type\":\"list\",\"props\":{\"show_image\":true,\"show_link\":true,\"image_align\":\"left\",\"image_vertical_align\":false,\"list_style\":\"\",\"content_style\":\"h5\",\"image_border\":\"\",\"icon_color\":\"primary\",\"link_style\":\"\",\"text_align\":\"center\",\"text_align_breakpoint\":\"\",\"text_align_fallback\":\"\",\"maxwidth\":\"medium\",\"maxwidth_breakpoint\":\"\",\"margin\":\"\",\"animation\":\"\",\"visibility\":\"\",\"icon_ratio\":\"\",\"icon\":\"\",\"image_svg_color\":\"emphasis\",\"block_align\":\"center\",\"position\":\"\",\"position_z_index\":\"\",\"block_align_breakpoint\":\"\",\"block_align_fallback\":\"\"},\"children\":[{\"type\":\"list_item\",\"props\":{\"icon_color\":\"\",\"icon\":\"\",\"content\":\"\n\n<h3>\\u00bfD\\u00f3nde?<\\\/h3>\\n\n\n<p><a href=\\\"https:\\\/\\\/goo.gl\\\/maps\\\/ZGp8BqTLok82\\\">Nodus Barber\\u00e0<\\\/a><\\\/p>\"}}]}]}]}]},{\"name\":\"CTA NEWSLETTER ES - ACTES AGENDA\",\"type\":\"section\",\"props\":{\"style\":\"primary\",\"width\":\"small\",\"vertical_align\":\"middle\",\"title_position\":\"top-left\",\"title_rotation\":\"left\",\"title_breakpoint\":\"xl\",\"image_position\":\"center-center\",\"image\":\"wp-content\\\/uploads\\\/IMG_6048.jpg\",\"height\":\"\",\"padding\":\"large\",\"padding_remove_bottom\":false,\"image_size\":\"cover\",\"text_color\":\"light\",\"media_background\":\"rgba(170, 55, 55, 0)\",\"media_blend_mode\":\"\",\"media_overlay\":\"rgba(0, 0, 0, 0.25)\",\"image_width\":\"\",\"header_transparent\":\"\",\"animation\":\"\",\"image_effect\":\"\",\"image_visibility\":\"\",\"preserve_color\":false,\"width_expand\":\"\"},\"children\":[{\"name\":\"\",\"type\":\"row\",\"props\":{\"fixed_width\":\"large\",\"breakpoint\":\"m\",\"layout\":\"1-3,2-3\",\"margin\":\"remove-vertical\",\"width\":\"\",\"vertical_align\":false,\"column_gap\":\"large\",\"row_gap\":\"large\"},\"children\":[{\"name\":\"\",\"type\":\"column\",\"props\":{\"image_position\":\"center-center\",\"image\":\"\",\"image_size\":\"\",\"style\":\"\",\"padding\":\"large\",\"image_width\":\"1559\",\"image_height\":\"315\",\"text_color\":\"\",\"media_overlay_gradient\":\"\"},\"children\":[{\"name\":\"\",\"type\":\"headline\",\"props\":{\"title_element\":\"h2\",\"text_align\":\"left\",\"content\":\"Suscr\\u00edbete a nuestro bolet\\u00edn\",\"title_style\":\"h3\",\"title_decoration\":\"\",\"margin\":\"\",\"title_color\":\"warning\",\"maxwidth\":\"\",\"text_align_breakpoint\":\"\",\"text_align_fallback\":\"\",\"maxwidth_breakpoint\":\"\",\"animation\":\"\",\"visibility\":\"\",\"block_align\":\"\",\"title_font_family\":\"\",\"position\":\"\",\"position_z_index\":\"\",\"block_align_breakpoint\":\"\",\"block_align_fallback\":\"\"}}]},{\"name\":\"\",\"type\":\"column\",\"props\":{\"image_position\":\"center-center\",\"media_overlay_gradient\":\"\"},\"children\":[{\"name\":\"\",\"type\":\"newsletter\",\"props\":{\"layout\":\"grid\",\"show_name\":false,\"label_first_name\":\"First name\",\"label_last_name\":\"Last name\",\"label_email\":\"Correo electr\\u00f3nico\",\"label_button\":\"Enviar\",\"provider\":{\"name\":\"mailchimp\",\"after_submit\":\"message\",\"message\":\"Te has suscrito correctamente.\",\"redirect\":\"\"},\"mailchimp\":{\"client_id\":\"\",\"list_id\":\"\"},\"cmonitor\":{\"client_id\":\"\",\"list_id\":\"\"},\"button_mode\":\"button\",\"button_style\":\"primary\",\"button_icon\":\"mail\",\"form_size\":\"\",\"maxwidth\":\"xxlarge\",\"text_align\":\"\",\"margin\":\"\",\"form_style\":\"\",\"button_margin\":\"\",\"text_align_breakpoint\":\"\",\"text_align_fallback\":\"\",\"maxwidth_breakpoint\":\"\",\"animation\":\"\",\"visibility\":\"\",\"block_align\":\"\",\"gap\":\"\",\"position\":\"\",\"position_z_index\":\"\",\"block_align_breakpoint\":\"\",\"block_align_fallback\":\"\"}},{\"name\":\"\",\"type\":\"text\",\"props\":{\"margin\":\"default\",\"column_breakpoint\":\"m\",\"content\":\"\n\n<p>Mantente al d\\u00eda de la agenda de Nodus Barber\\u00e0.<\\\/p>\",\"text_style\":\"lead\",\"text_color\":\"warning\",\"text_size\":\"\",\"column\":\"\",\"text_align\":\"\",\"text_align_breakpoint\":\"\",\"text_align_fallback\":\"\",\"maxwidth\":\"\",\"maxwidth_breakpoint\":\"\",\"animation\":\"\",\"visibility\":\"\",\"css\":\".el-element {color: white !important;}\",\"block_align\":\"\",\"position\":\"\",\"position_z_index\":\"\",\"block_align_breakpoint\":\"\",\"block_align_fallback\":\"\"}}]}]}]}],\"version\":\"1.22.8\",\"props\":[]} --><\/p>\n","protected":false},"excerpt":{"rendered":"<p>Nodus Tech Space. Rob\u00f3tica M\u00f3vil. Exposici\u00f3n de Ingenier\u00eda de rob\u00f3tica m\u00f3vil colaborativa indoor y outdoor. Exposici\u00f3n de soluciones robotizadas para el transporte aut\u00f3nomo en el interior de las f\u00e1bricas. Veh\u00edculos peque\u00f1os para peque\u00f1as cargas. Demostraci\u00f3n y degustaci\u00f3n tecnol\u00f3gico y \u00faltimas novedades en automatizaci\u00f3n de procesos. Punto de Informaci\u00f3n de ayudas y subvenciones abiertas en I [&hellip;]<\/p>\n","protected":false},"author":2,"featured_media":0,"parent":3638,"menu_order":0,"comment_status":"closed","ping_status":"closed","template":"","meta":{"footnotes":""},"class_list":["post-3855","page","type-page","status-publish","hentry"],"yoast_head":"<!-- This site is optimized with the Yoast SEO plugin v27.5 - https:\/\/yoast.com\/product\/yoast-seo-wordpress\/ -->\n<title>Nodus Tech Space. Rob\u00f3tica M\u00f3vil. - Nodus Barber\u00e0<\/title>\n<meta name=\"robots\" content=\"index, follow, max-snippet:-1, max-image-preview:large, max-video-preview:-1\" \/>\n<link rel=\"canonical\" href=\"https:\/\/nodusbarbera.cat\/es\/agenda\/nodo-tech-space-robotica-mobil\/\" \/>\n<meta property=\"og:locale\" content=\"es_ES\" \/>\n<meta property=\"og:type\" content=\"article\" \/>\n<meta property=\"og:title\" content=\"Nodus Tech Space. Rob\u00f3tica M\u00f3vil. - Nodus Barber\u00e0\" \/>\n<meta property=\"og:description\" content=\"Nodus Tech Space. Rob\u00f3tica M\u00f3vil. Exposici\u00f3n de Ingenier\u00eda de rob\u00f3tica m\u00f3vil colaborativa indoor y outdoor. Exposici\u00f3n de soluciones robotizadas para el transporte aut\u00f3nomo en el interior de las f\u00e1bricas. Veh\u00edculos peque\u00f1os para peque\u00f1as cargas. Demostraci\u00f3n y degustaci\u00f3n tecnol\u00f3gico y \u00faltimas novedades en automatizaci\u00f3n de procesos. Punto de Informaci\u00f3n de ayudas y subvenciones abiertas en I [&hellip;]\" \/>\n<meta property=\"og:url\" content=\"https:\/\/nodusbarbera.cat\/es\/agenda\/nodo-tech-space-robotica-mobil\/\" \/>\n<meta property=\"og:site_name\" content=\"Nodus Barber\u00e0\" \/>\n<meta property=\"article:publisher\" content=\"https:\/\/www.facebook.com\/nodusbarbera\" \/>\n<meta property=\"article:modified_time\" content=\"2020-02-13T14:16:07+00:00\" \/>\n<meta property=\"og:image\" content=\"http:\/\/wp-content\/uploads\/Nodus-Barbera-centre-negocis-valles-occidental.jpg\" \/>\n<meta name=\"twitter:card\" content=\"summary_large_image\" \/>\n<meta name=\"twitter:site\" content=\"@nodusbarbera\" \/>\n<meta name=\"twitter:label1\" content=\"Tiempo de lectura\" \/>\n\t<meta name=\"twitter:data1\" content=\"1 minuto\" \/>\n<script type=\"application\/ld+json\" class=\"yoast-schema-graph\">{\"@context\":\"https:\\\/\\\/schema.org\",\"@graph\":[{\"@type\":\"WebPage\",\"@id\":\"https:\\\/\\\/nodusbarbera.cat\\\/es\\\/agenda\\\/nodo-tech-space-robotica-mobil\\\/\",\"url\":\"https:\\\/\\\/nodusbarbera.cat\\\/es\\\/agenda\\\/nodo-tech-space-robotica-mobil\\\/\",\"name\":\"Nodus Tech Space. Rob\u00f3tica M\u00f3vil. - Nodus Barber\u00e0\",\"isPartOf\":{\"@id\":\"https:\\\/\\\/nodusbarbera.cat\\\/#website\"},\"datePublished\":\"2019-10-22T12:05:29+00:00\",\"dateModified\":\"2020-02-13T14:16:07+00:00\",\"breadcrumb\":{\"@id\":\"https:\\\/\\\/nodusbarbera.cat\\\/es\\\/agenda\\\/nodo-tech-space-robotica-mobil\\\/#breadcrumb\"},\"inLanguage\":\"es\",\"potentialAction\":[{\"@type\":\"ReadAction\",\"target\":[\"https:\\\/\\\/nodusbarbera.cat\\\/es\\\/agenda\\\/nodo-tech-space-robotica-mobil\\\/\"]}]},{\"@type\":\"BreadcrumbList\",\"@id\":\"https:\\\/\\\/nodusbarbera.cat\\\/es\\\/agenda\\\/nodo-tech-space-robotica-mobil\\\/#breadcrumb\",\"itemListElement\":[{\"@type\":\"ListItem\",\"position\":1,\"name\":\"Inici\",\"item\":\"https:\\\/\\\/nodusbarbera.cat\\\/\"},{\"@type\":\"ListItem\",\"position\":2,\"name\":\"Agenda\",\"item\":\"https:\\\/\\\/nodusbarbera.cat\\\/es\\\/agenda\\\/\"},{\"@type\":\"ListItem\",\"position\":3,\"name\":\"Nodus Tech Space. Rob\u00f3tica M\u00f3vil.\"}]},{\"@type\":\"WebSite\",\"@id\":\"https:\\\/\\\/nodusbarbera.cat\\\/#website\",\"url\":\"https:\\\/\\\/nodusbarbera.cat\\\/\",\"name\":\"Nodus Barber\u00e0\",\"description\":\"Lloguer d&#039;oficines i despatxos a Barber\u00e0 del Vall\u00e8s, Barcelona.\",\"publisher\":{\"@id\":\"https:\\\/\\\/nodusbarbera.cat\\\/#organization\"},\"potentialAction\":[{\"@type\":\"SearchAction\",\"target\":{\"@type\":\"EntryPoint\",\"urlTemplate\":\"https:\\\/\\\/nodusbarbera.cat\\\/?s={search_term_string}\"},\"query-input\":{\"@type\":\"PropertyValueSpecification\",\"valueRequired\":true,\"valueName\":\"search_term_string\"}}],\"inLanguage\":\"es\"},{\"@type\":\"Organization\",\"@id\":\"https:\\\/\\\/nodusbarbera.cat\\\/#organization\",\"name\":\"Nodus Barber\u00e0\",\"url\":\"https:\\\/\\\/nodusbarbera.cat\\\/\",\"logo\":{\"@type\":\"ImageObject\",\"inLanguage\":\"es\",\"@id\":\"https:\\\/\\\/nodusbarbera.cat\\\/#\\\/schema\\\/logo\\\/image\\\/\",\"url\":\"https:\\\/\\\/i0.wp.com\\\/nodusbarbera.cat\\\/wp-content\\\/uploads\\\/logo-footer-250.png?fit=250%2C231&ssl=1\",\"contentUrl\":\"https:\\\/\\\/i0.wp.com\\\/nodusbarbera.cat\\\/wp-content\\\/uploads\\\/logo-footer-250.png?fit=250%2C231&ssl=1\",\"width\":250,\"height\":231,\"caption\":\"Nodus Barber\u00e0\"},\"image\":{\"@id\":\"https:\\\/\\\/nodusbarbera.cat\\\/#\\\/schema\\\/logo\\\/image\\\/\"},\"sameAs\":[\"https:\\\/\\\/www.facebook.com\\\/nodusbarbera\",\"https:\\\/\\\/x.com\\\/nodusbarbera\",\"https:\\\/\\\/www.instagram.com\\\/nodusbarbera\\\/\",\"https:\\\/\\\/www.linkedin.com\\\/company\\\/nodus-barbera\\\/\",\"https:\\\/\\\/www.youtube.com\\\/channel\\\/UCLJYdjFDfFQP1aGYuzUFd6A\"]}]}<\/script>\n<!-- \/ Yoast SEO plugin. -->","yoast_head_json":{"title":"Nodus Tech Space. Rob\u00f3tica M\u00f3vil. - Nodus Barber\u00e0","robots":{"index":"index","follow":"follow","max-snippet":"max-snippet:-1","max-image-preview":"max-image-preview:large","max-video-preview":"max-video-preview:-1"},"canonical":"https:\/\/nodusbarbera.cat\/es\/agenda\/nodo-tech-space-robotica-mobil\/","og_locale":"es_ES","og_type":"article","og_title":"Nodus Tech Space. Rob\u00f3tica M\u00f3vil. - Nodus Barber\u00e0","og_description":"Nodus Tech Space. Rob\u00f3tica M\u00f3vil. Exposici\u00f3n de Ingenier\u00eda de rob\u00f3tica m\u00f3vil colaborativa indoor y outdoor. Exposici\u00f3n de soluciones robotizadas para el transporte aut\u00f3nomo en el interior de las f\u00e1bricas. Veh\u00edculos peque\u00f1os para peque\u00f1as cargas. Demostraci\u00f3n y degustaci\u00f3n tecnol\u00f3gico y \u00faltimas novedades en automatizaci\u00f3n de procesos. Punto de Informaci\u00f3n de ayudas y subvenciones abiertas en I [&hellip;]","og_url":"https:\/\/nodusbarbera.cat\/es\/agenda\/nodo-tech-space-robotica-mobil\/","og_site_name":"Nodus Barber\u00e0","article_publisher":"https:\/\/www.facebook.com\/nodusbarbera","article_modified_time":"2020-02-13T14:16:07+00:00","og_image":[{"url":"wp-content\/uploads\/Nodus-Barbera-centre-negocis-valles-occidental.jpg","type":"","width":"","height":""}],"twitter_card":"summary_large_image","twitter_site":"@nodusbarbera","twitter_misc":{"Tiempo de lectura":"1 minuto"},"schema":{"@context":"https:\/\/schema.org","@graph":[{"@type":"WebPage","@id":"https:\/\/nodusbarbera.cat\/es\/agenda\/nodo-tech-space-robotica-mobil\/","url":"https:\/\/nodusbarbera.cat\/es\/agenda\/nodo-tech-space-robotica-mobil\/","name":"Nodus Tech Space. Rob\u00f3tica M\u00f3vil. - Nodus Barber\u00e0","isPartOf":{"@id":"https:\/\/nodusbarbera.cat\/#website"},"datePublished":"2019-10-22T12:05:29+00:00","dateModified":"2020-02-13T14:16:07+00:00","breadcrumb":{"@id":"https:\/\/nodusbarbera.cat\/es\/agenda\/nodo-tech-space-robotica-mobil\/#breadcrumb"},"inLanguage":"es","potentialAction":[{"@type":"ReadAction","target":["https:\/\/nodusbarbera.cat\/es\/agenda\/nodo-tech-space-robotica-mobil\/"]}]},{"@type":"BreadcrumbList","@id":"https:\/\/nodusbarbera.cat\/es\/agenda\/nodo-tech-space-robotica-mobil\/#breadcrumb","itemListElement":[{"@type":"ListItem","position":1,"name":"Inici","item":"https:\/\/nodusbarbera.cat\/"},{"@type":"ListItem","position":2,"name":"Agenda","item":"https:\/\/nodusbarbera.cat\/es\/agenda\/"},{"@type":"ListItem","position":3,"name":"Nodus Tech Space. Rob\u00f3tica M\u00f3vil."}]},{"@type":"WebSite","@id":"https:\/\/nodusbarbera.cat\/#website","url":"https:\/\/nodusbarbera.cat\/","name":"Nodus Barber\u00e0","description":"Lloguer d&#039;oficines i despatxos a Barber\u00e0 del Vall\u00e8s, Barcelona.","publisher":{"@id":"https:\/\/nodusbarbera.cat\/#organization"},"potentialAction":[{"@type":"SearchAction","target":{"@type":"EntryPoint","urlTemplate":"https:\/\/nodusbarbera.cat\/?s={search_term_string}"},"query-input":{"@type":"PropertyValueSpecification","valueRequired":true,"valueName":"search_term_string"}}],"inLanguage":"es"},{"@type":"Organization","@id":"https:\/\/nodusbarbera.cat\/#organization","name":"Nodus Barber\u00e0","url":"https:\/\/nodusbarbera.cat\/","logo":{"@type":"ImageObject","inLanguage":"es","@id":"https:\/\/nodusbarbera.cat\/#\/schema\/logo\/image\/","url":"https:\/\/i0.wp.com\/nodusbarbera.cat\/wp-content\/uploads\/logo-footer-250.png?fit=250%2C231&ssl=1","contentUrl":"https:\/\/i0.wp.com\/nodusbarbera.cat\/wp-content\/uploads\/logo-footer-250.png?fit=250%2C231&ssl=1","width":250,"height":231,"caption":"Nodus Barber\u00e0"},"image":{"@id":"https:\/\/nodusbarbera.cat\/#\/schema\/logo\/image\/"},"sameAs":["https:\/\/www.facebook.com\/nodusbarbera","https:\/\/x.com\/nodusbarbera","https:\/\/www.instagram.com\/nodusbarbera\/","https:\/\/www.linkedin.com\/company\/nodus-barbera\/","https:\/\/www.youtube.com\/channel\/UCLJYdjFDfFQP1aGYuzUFd6A"]}]}},"_links":{"self":[{"href":"https:\/\/nodusbarbera.cat\/es\/wp-json\/wp\/v2\/pages\/3855","targetHints":{"allow":["GET"]}}],"collection":[{"href":"https:\/\/nodusbarbera.cat\/es\/wp-json\/wp\/v2\/pages"}],"about":[{"href":"https:\/\/nodusbarbera.cat\/es\/wp-json\/wp\/v2\/types\/page"}],"author":[{"embeddable":true,"href":"https:\/\/nodusbarbera.cat\/es\/wp-json\/wp\/v2\/users\/2"}],"replies":[{"embeddable":true,"href":"https:\/\/nodusbarbera.cat\/es\/wp-json\/wp\/v2\/comments?post=3855"}],"version-history":[{"count":12,"href":"https:\/\/nodusbarbera.cat\/es\/wp-json\/wp\/v2\/pages\/3855\/revisions"}],"predecessor-version":[{"id":3910,"href":"https:\/\/nodusbarbera.cat\/es\/wp-json\/wp\/v2\/pages\/3855\/revisions\/3910"}],"up":[{"embeddable":true,"href":"https:\/\/nodusbarbera.cat\/es\/wp-json\/wp\/v2\/pages\/3638"}],"wp:attachment":[{"href":"https:\/\/nodusbarbera.cat\/es\/wp-json\/wp\/v2\/media?parent=3855"}],"curies":[{"name":"wp","href":"https:\/\/api.w.org\/{rel}","templated":true}]}}