{"id":5774,"date":"2020-11-20T15:18:43","date_gmt":"2020-11-20T13:18:43","guid":{"rendered":"https:\/\/nodusbarbera.cat\/?page_id=5774"},"modified":"2020-11-24T12:08:23","modified_gmt":"2020-11-24T10:08:23","slug":"webinar-tecnologia-5g","status":"publish","type":"page","link":"https:\/\/nodusbarbera.cat\/es\/agenda\/webinar-tecnologia-5g\/","title":{"rendered":"Webinar La tecnolog\u00eda 5G: Una oportunidad para la industria"},"content":{"rendered":"<h2>La tecnolog\u00eda 5G: \u00abUna oportunidad para industria\u201d<\/h2>\n<div>\n<p>El \u00e1rea de promoci\u00f3n econ\u00f3mica del Ayuntamiento de Barber\u00e0 del Vall\u00e8s conjuntamente con la Ag\u00e8ncia de Desenvolupament Econ\u00f2mic de la AMB, el Mobile World Capital (MWC) y las entidades empresariales y de propietarios industriales locales, organizan dos sesiones de\u00a0<strong>acercamiento a la tecnolog\u00eda 5G y sus usos industriales<\/strong>.<\/p>\n<p>Entonces, esta tem\u00e1tica se abordar\u00e1 con una metodolog\u00eda dual: con un webinar de inscripci\u00f3n abierta a todos, donde se contar\u00e1 con personas expertas en 5G del m\u00e1s alto nivel, las cuales nos ayudar\u00e1n a\u00a0<strong>comprender mejor esta tecnolog\u00eda y sus posibles usos en la industria<\/strong>.<\/p>\n<p>El webinar de convocatoria abierta, y con inscripci\u00f3n previa, ser\u00e1 el pr\u00f3ximo 2 de diciembre a las 10:00 de la ma\u00f1ana y tendr\u00e1 una duraci\u00f3n de 1 hora. Las personas inscritas recibir\u00e1n un enlace a la sesi\u00f3n el d\u00eda antes.<\/p>\n<p>Consultad el\u00a0<strong><a href=\"https:\/\/nodusbarbera.cat\/wp-content\/uploads\/programa-webinar-tecnologia-5g.pdf\" target=\"_blank\" rel=\"noreferrer noopener\">programa<\/a>\u00a0del webinar La tecnolog\u00eda 5G: \u00abUna oportunidad para la industria\u00bb.<\/strong><\/p>\n<\/div>\n<p>\n    <a href=\"https:\/\/forms.gle\/6GBFZupifjd26t6WA\">Ap\u00fantate<\/a>\n<\/p>\n<p><img decoding=\"async\" src=\"\/wp-content\/uploads\/tecnologia-5G-webinar-600-400.jpg\" alt=\"\"><\/p>\n<div>\n<div>\n<h3>\u00bfCu\u00e1ndo?<\/h3>\n<p>2 de diciembre de 2020<\/p>\n<\/div>\n<\/div>\n<div>\n<div>\n<h3>Hora<\/h3>\n<p>10h<\/p>\n<\/div>\n<\/div>\n<div>\n<div>\n<h3>\u00bfD\u00f3nde?<\/h3>\n<p>Webinar online<\/p>\n<\/div>\n<\/div>\n<h2>Suscr\u00edbete a nuestro bolet\u00edn<\/h2>\n<div>\n<p>Mantente al d\u00eda de la agenda de Nodus Barber\u00e0.<\/p>\n<\/div>\n<p><!-- {\"name\":\"Event agenda\",\"type\":\"layout\",\"children\":[{\"name\":\"Intro\",\"type\":\"section\",\"props\":{\"style\":\"muted\",\"width\":\"large\",\"image_size\":\"contain\",\"animation\":\"fade\",\"padding_remove_top\":false,\"image\":\"\",\"image_position\":\"bottom-center\",\"media_overlay\":\"rgba(255, 255, 255, 0.87)\",\"class\":\"\",\"overlap\":false,\"header_transparent\":\"dark\",\"vertical_align\":\"middle\",\"title_position\":\"top-left\",\"title_rotation\":\"left\",\"title_breakpoint\":\"xl\"},\"children\":[{\"name\":\"\",\"type\":\"row\",\"props\":{\"layout\":\"1-2,1-2\"},\"children\":[{\"name\":\"\",\"type\":\"column\",\"props\":{\"image_position\":\"center-center\",\"media_overlay_gradient\":\"\",\"width_medium\":\"1-2\"},\"children\":[{\"name\":\"\",\"type\":\"headline\",\"props\":{\"title_element\":\"h2\",\"content\":\"La tecnolog\\u00eda 5G: \\\"Una oportunidad para industria\\u201d\",\"title_style\":\"heading-small\",\"text_align\":\"center\",\"animation\":\"slide-right-medium\",\"title_color\":\"primary\"}},{\"name\":\"\",\"type\":\"text\",\"props\":{\"column_breakpoint\":\"m\",\"margin\":\"default\",\"content\":\"\n\n<p>El \\u00e1rea de promoci\\u00f3n econ\\u00f3mica del Ayuntamiento de Barber\\u00e0 del Vall\\u00e8s conjuntamente con la Ag\\u00e8ncia de Desenvolupament Econ\\u00f2mic de la AMB, el Mobile World Capital (MWC) y las entidades empresariales y de propietarios industriales locales, organizan dos sesiones de\\u00a0<strong>acercamiento a la tecnolog\\u00eda 5G y sus usos industriales<\\\/strong>.<\\\/p>\\n\n\n<p>Entonces, esta tem\\u00e1tica se abordar\\u00e1 con una metodolog\\u00eda dual: con un webinar de inscripci\\u00f3n abierta a todos, donde se contar\\u00e1 con personas expertas en 5G del m\\u00e1s alto nivel, las cuales nos ayudar\\u00e1n a\\u00a0<strong>comprender mejor esta tecnolog\\u00eda y sus posibles usos en la industria<\\\/strong>.<\\\/p>\\n\n\n<p>El webinar de convocatoria abierta, y con inscripci\\u00f3n previa, ser\\u00e1 el pr\\u00f3ximo 2 de diciembre a las 10:00 de la ma\\u00f1ana y tendr\\u00e1 una duraci\\u00f3n de 1 hora. Las personas inscritas recibir\\u00e1n un enlace a la sesi\\u00f3n el d\\u00eda antes.<\\\/p>\\n\n\n<p>Consultad el\\u00a0<strong><a href=\\\"https:\\\/\\\/nodusbarbera.cat\\\/wp-content\\\/uploads\\\/programa-webinar-tecnologia-5g.pdf\\\" target=\\\"_blank\\\" rel=\\\"noreferrer noopener\\\">programa<\\\/a>\\u00a0del webinar La tecnolog\\u00eda 5G: \\u00abUna oportunidad para la industria\\u00bb.<\\\/strong><\\\/p>\"}},{\"name\":\"\",\"type\":\"button\",\"props\":{\"margin\":\"medium\",\"text_align\":\"center\",\"grid_column_gap\":\"small\",\"grid_row_gap\":\"small\"},\"children\":[{\"name\":\"\",\"type\":\"button_item\",\"props\":{\"button_style\":\"primary\",\"icon_align\":\"left\",\"content\":\"Ap\\u00fantate\",\"link\":\"https:\\\/\\\/forms.gle\\\/6GBFZupifjd26t6WA\",\"link_target\":\"blank\"}}]}]},{\"type\":\"column\",\"props\":{\"image_position\":\"center-center\",\"media_overlay_gradient\":\"\",\"width_medium\":\"1-2\"},\"children\":[{\"name\":\"\",\"type\":\"image\",\"props\":{\"margin\":\"default\",\"image\":\"wp-content\\\/uploads\\\/tecnologia-5G-webinar-600-400.jpg\",\"animation\":\"slide-bottom-medium\",\"text_align\":\"center\",\"image_alt\":\"\",\"image_height\":\"400\",\"image_svg_color\":\"emphasis\"}}]}]}]},{\"type\":\"section\",\"props\":{\"style\":\"default\",\"width\":\"large\",\"vertical_align\":\"middle\",\"title_position\":\"top-left\",\"title_rotation\":\"left\",\"title_breakpoint\":\"xl\",\"image_position\":\"center-center\"},\"children\":[{\"type\":\"row\",\"props\":{\"layout\":\"1-3,1-3,1-3\"},\"children\":[{\"type\":\"column\",\"props\":{\"image_position\":\"center-center\",\"media_overlay_gradient\":\"\",\"width_medium\":\"1-3\"},\"children\":[{\"type\":\"icon\",\"props\":{\"icon\":\"calendar\",\"margin\":\"default\",\"icon_color\":\"primary\",\"text_align\":\"center\",\"maxwidth\":\"medium\",\"block_align\":\"center\",\"icon_width\":60}},{\"type\":\"list\",\"props\":{\"show_image\":true,\"show_link\":true,\"image_align\":\"left\",\"image_vertical_align\":false,\"content_style\":\"h5\",\"icon_color\":\"primary\",\"text_align\":\"center\",\"maxwidth\":\"medium\",\"icon_ratio\":\"\",\"icon\":\"\",\"image_svg_color\":\"emphasis\",\"block_align\":\"center\",\"list_size\":\"\",\"list_element\":\"ul\",\"column_breakpoint\":\"m\"},\"children\":[{\"type\":\"list_item\",\"props\":{\"icon\":\"\",\"content\":\"\n\n<h3>\\u00bfCu\\u00e1ndo?<\\\/h3>\n\n<p>2 de diciembre de 2020<\\\/p>\"}}]}]},{\"type\":\"column\",\"props\":{\"image_position\":\"center-center\",\"media_overlay_gradient\":\"\",\"width_medium\":\"1-3\"},\"children\":[{\"type\":\"icon\",\"props\":{\"icon\":\"clock\",\"margin\":\"default\",\"icon_color\":\"primary\",\"text_align\":\"center\",\"maxwidth\":\"medium\",\"block_align\":\"center\",\"icon_width\":60}},{\"type\":\"list\",\"props\":{\"show_image\":true,\"show_link\":true,\"image_align\":\"left\",\"image_vertical_align\":false,\"content_style\":\"h5\",\"icon_color\":\"primary\",\"text_align\":\"center\",\"maxwidth\":\"medium\",\"icon_ratio\":\"\",\"icon\":\"\",\"image_svg_color\":\"emphasis\",\"block_align\":\"center\",\"list_size\":\"\",\"list_element\":\"ul\",\"column_breakpoint\":\"m\"},\"children\":[{\"type\":\"list_item\",\"props\":{\"icon\":\"\",\"content\":\"\n\n<h3>Hora<\\\/h3>\n\n<p>10h<\\\/p>\"}}]}]},{\"type\":\"column\",\"props\":{\"image_position\":\"center-center\",\"media_overlay_gradient\":\"\",\"width_medium\":\"1-3\"},\"children\":[{\"type\":\"icon\",\"props\":{\"icon\":\"location\",\"margin\":\"default\",\"icon_color\":\"primary\",\"text_align\":\"center\",\"maxwidth\":\"medium\",\"block_align\":\"center\",\"icon_width\":60}},{\"type\":\"list\",\"props\":{\"show_image\":true,\"show_link\":true,\"image_align\":\"left\",\"image_vertical_align\":false,\"content_style\":\"h5\",\"icon_color\":\"primary\",\"text_align\":\"center\",\"maxwidth\":\"medium\",\"icon_ratio\":\"\",\"icon\":\"\",\"image_svg_color\":\"emphasis\",\"block_align\":\"center\",\"list_size\":\"\",\"list_element\":\"ul\",\"column_breakpoint\":\"m\"},\"children\":[{\"type\":\"list_item\",\"props\":{\"icon\":\"\",\"content\":\"\n\n<h3>\\u00bfD\\u00f3nde?<\\\/h3>\n\n<p>Webinar online<\\\/p>\"}}]}]}]}]},{\"name\":\"CTA NEWSLETTER ES - ACTES AGENDA\",\"type\":\"section\",\"props\":{\"style\":\"primary\",\"width\":\"small\",\"vertical_align\":\"middle\",\"title_position\":\"top-left\",\"title_rotation\":\"left\",\"title_breakpoint\":\"xl\",\"image_position\":\"center-center\",\"image\":\"wp-content\\\/uploads\\\/IMG_6048.jpg\",\"padding\":\"large\",\"padding_remove_bottom\":false,\"image_size\":\"cover\",\"media_background\":\"rgba(170, 55, 55, 0)\",\"media_overlay\":\"rgba(0, 0, 0, 0.25)\",\"preserve_color\":false},\"children\":[{\"name\":\"\",\"type\":\"row\",\"props\":{\"layout\":\"1-3,2-3\",\"margin\":\"remove-vertical\",\"vertical_align\":false,\"column_gap\":\"large\",\"row_gap\":\"large\"},\"children\":[{\"name\":\"\",\"type\":\"column\",\"props\":{\"image_position\":\"center-center\",\"image\":\"\",\"padding\":\"large\",\"image_width\":\"1559\",\"image_height\":\"315\",\"media_overlay_gradient\":\"\",\"width_medium\":\"1-3\"},\"children\":[{\"name\":\"\",\"type\":\"headline\",\"props\":{\"title_element\":\"h2\",\"text_align\":\"left\",\"content\":\"Suscr\\u00edbete a nuestro bolet\\u00edn\",\"title_style\":\"h3\",\"title_color\":\"warning\"}}]},{\"name\":\"\",\"type\":\"column\",\"props\":{\"image_position\":\"center-center\",\"media_overlay_gradient\":\"\",\"width_medium\":\"2-3\"},\"children\":[{\"name\":\"\",\"type\":\"newsletter\",\"props\":{\"layout\":\"grid\",\"show_name\":false,\"label_first_name\":\"First name\",\"label_last_name\":\"Last name\",\"label_email\":\"Correo electr\\u00f3nico\",\"label_button\":\"Enviar\",\"provider\":{\"name\":\"mailchimp\",\"after_submit\":\"message\",\"message\":\"Te has suscrito correctamente.\",\"redirect\":\"\"},\"mailchimp\":{\"client_id\":\"\",\"list_id\":\"\"},\"cmonitor\":{\"client_id\":\"\",\"list_id\":\"\"},\"button_mode\":\"button\",\"button_style\":\"primary\",\"button_icon\":\"mail\",\"form_size\":\"\",\"maxwidth\":\"2xlarge\",\"form_style\":\"\",\"button_margin\":\"\",\"gap\":\"\"}},{\"name\":\"\",\"type\":\"text\",\"props\":{\"margin\":\"default\",\"column_breakpoint\":\"m\",\"content\":\"\n\n<p>Mantente al d\\u00eda de la agenda de Nodus Barber\\u00e0.<\\\/p>\",\"text_style\":\"lead\",\"text_color\":\"warning\",\"css\":\".el-element {color: white !important;}\"}}]}]}]}],\"version\":\"2.3.13\"} --><\/p>\n","protected":false},"excerpt":{"rendered":"<p>La tecnolog\u00eda 5G: \u00abUna oportunidad para industria\u201d El \u00e1rea de promoci\u00f3n econ\u00f3mica del Ayuntamiento de Barber\u00e0 del Vall\u00e8s conjuntamente con la Ag\u00e8ncia de Desenvolupament Econ\u00f2mic de la AMB, el Mobile World Capital (MWC) y las entidades empresariales y de propietarios industriales locales, organizan dos sesiones de\u00a0acercamiento a la tecnolog\u00eda 5G y sus usos industriales. Entonces, [&hellip;]<\/p>\n","protected":false},"author":2,"featured_media":0,"parent":3638,"menu_order":0,"comment_status":"closed","ping_status":"closed","template":"","meta":{"footnotes":""},"class_list":["post-5774","page","type-page","status-publish","hentry"],"yoast_head":"<!-- This site is optimized with the Yoast SEO plugin v27.5 - https:\/\/yoast.com\/product\/yoast-seo-wordpress\/ -->\n<title>Webinar La tecnologia 5G: Una oportunitat per a la ind\u00fastria<\/title>\n<meta name=\"description\" content=\"Webinar La tecnologia 5G: Una oportunitat per a la ind\u00fastria\" \/>\n<meta name=\"robots\" content=\"index, follow, max-snippet:-1, max-image-preview:large, max-video-preview:-1\" \/>\n<link rel=\"canonical\" href=\"https:\/\/nodusbarbera.cat\/es\/agenda\/webinar-tecnologia-5g\/\" \/>\n<meta property=\"og:locale\" content=\"es_ES\" \/>\n<meta property=\"og:type\" content=\"article\" \/>\n<meta property=\"og:title\" content=\"Webinar La tecnologia 5G: Una oportunitat per a la ind\u00fastria\" \/>\n<meta property=\"og:description\" content=\"Webinar La tecnologia 5G: Una oportunitat per a la ind\u00fastria\" \/>\n<meta property=\"og:url\" content=\"https:\/\/nodusbarbera.cat\/es\/agenda\/webinar-tecnologia-5g\/\" \/>\n<meta property=\"og:site_name\" content=\"Nodus Barber\u00e0\" \/>\n<meta property=\"article:publisher\" content=\"https:\/\/www.facebook.com\/nodusbarbera\" \/>\n<meta property=\"article:modified_time\" content=\"2020-11-24T10:08:23+00:00\" \/>\n<meta property=\"og:image\" content=\"https:\/\/nodusbarbera.cat\/wp-content\/uploads\/tecnologia-5G-webinar-600-400.jpg\" \/>\n<meta name=\"twitter:card\" content=\"summary_large_image\" \/>\n<meta name=\"twitter:site\" content=\"@nodusbarbera\" \/>\n<meta name=\"twitter:label1\" content=\"Tiempo de lectura\" \/>\n\t<meta name=\"twitter:data1\" content=\"1 minuto\" \/>\n<script type=\"application\/ld+json\" class=\"yoast-schema-graph\">{\"@context\":\"https:\\\/\\\/schema.org\",\"@graph\":[{\"@type\":\"WebPage\",\"@id\":\"https:\\\/\\\/nodusbarbera.cat\\\/es\\\/agenda\\\/webinar-tecnologia-5g\\\/\",\"url\":\"https:\\\/\\\/nodusbarbera.cat\\\/es\\\/agenda\\\/webinar-tecnologia-5g\\\/\",\"name\":\"Webinar La tecnologia 5G: Una oportunitat per a la ind\u00fastria\",\"isPartOf\":{\"@id\":\"https:\\\/\\\/nodusbarbera.cat\\\/#website\"},\"datePublished\":\"2020-11-20T13:18:43+00:00\",\"dateModified\":\"2020-11-24T10:08:23+00:00\",\"description\":\"Webinar La tecnologia 5G: Una oportunitat per a la ind\u00fastria\",\"breadcrumb\":{\"@id\":\"https:\\\/\\\/nodusbarbera.cat\\\/es\\\/agenda\\\/webinar-tecnologia-5g\\\/#breadcrumb\"},\"inLanguage\":\"es\",\"potentialAction\":[{\"@type\":\"ReadAction\",\"target\":[\"https:\\\/\\\/nodusbarbera.cat\\\/es\\\/agenda\\\/webinar-tecnologia-5g\\\/\"]}]},{\"@type\":\"BreadcrumbList\",\"@id\":\"https:\\\/\\\/nodusbarbera.cat\\\/es\\\/agenda\\\/webinar-tecnologia-5g\\\/#breadcrumb\",\"itemListElement\":[{\"@type\":\"ListItem\",\"position\":1,\"name\":\"Inici\",\"item\":\"https:\\\/\\\/nodusbarbera.cat\\\/\"},{\"@type\":\"ListItem\",\"position\":2,\"name\":\"Agenda\",\"item\":\"https:\\\/\\\/nodusbarbera.cat\\\/es\\\/agenda\\\/\"},{\"@type\":\"ListItem\",\"position\":3,\"name\":\"Webinar La tecnolog\u00eda 5G: Una oportunidad para la industria\"}]},{\"@type\":\"WebSite\",\"@id\":\"https:\\\/\\\/nodusbarbera.cat\\\/#website\",\"url\":\"https:\\\/\\\/nodusbarbera.cat\\\/\",\"name\":\"Nodus Barber\u00e0\",\"description\":\"Lloguer d&#039;oficines i despatxos a Barber\u00e0 del Vall\u00e8s, Barcelona.\",\"publisher\":{\"@id\":\"https:\\\/\\\/nodusbarbera.cat\\\/#organization\"},\"potentialAction\":[{\"@type\":\"SearchAction\",\"target\":{\"@type\":\"EntryPoint\",\"urlTemplate\":\"https:\\\/\\\/nodusbarbera.cat\\\/?s={search_term_string}\"},\"query-input\":{\"@type\":\"PropertyValueSpecification\",\"valueRequired\":true,\"valueName\":\"search_term_string\"}}],\"inLanguage\":\"es\"},{\"@type\":\"Organization\",\"@id\":\"https:\\\/\\\/nodusbarbera.cat\\\/#organization\",\"name\":\"Nodus Barber\u00e0\",\"url\":\"https:\\\/\\\/nodusbarbera.cat\\\/\",\"logo\":{\"@type\":\"ImageObject\",\"inLanguage\":\"es\",\"@id\":\"https:\\\/\\\/nodusbarbera.cat\\\/#\\\/schema\\\/logo\\\/image\\\/\",\"url\":\"https:\\\/\\\/i0.wp.com\\\/nodusbarbera.cat\\\/wp-content\\\/uploads\\\/logo-footer-250.png?fit=250%2C231&ssl=1\",\"contentUrl\":\"https:\\\/\\\/i0.wp.com\\\/nodusbarbera.cat\\\/wp-content\\\/uploads\\\/logo-footer-250.png?fit=250%2C231&ssl=1\",\"width\":250,\"height\":231,\"caption\":\"Nodus Barber\u00e0\"},\"image\":{\"@id\":\"https:\\\/\\\/nodusbarbera.cat\\\/#\\\/schema\\\/logo\\\/image\\\/\"},\"sameAs\":[\"https:\\\/\\\/www.facebook.com\\\/nodusbarbera\",\"https:\\\/\\\/x.com\\\/nodusbarbera\",\"https:\\\/\\\/www.instagram.com\\\/nodusbarbera\\\/\",\"https:\\\/\\\/www.linkedin.com\\\/company\\\/nodus-barbera\\\/\",\"https:\\\/\\\/www.youtube.com\\\/channel\\\/UCLJYdjFDfFQP1aGYuzUFd6A\"]}]}<\/script>\n<!-- \/ Yoast SEO plugin. -->","yoast_head_json":{"title":"Webinar La tecnologia 5G: Una oportunitat per a la ind\u00fastria","description":"Webinar La tecnologia 5G: Una oportunitat per a la ind\u00fastria","robots":{"index":"index","follow":"follow","max-snippet":"max-snippet:-1","max-image-preview":"max-image-preview:large","max-video-preview":"max-video-preview:-1"},"canonical":"https:\/\/nodusbarbera.cat\/es\/agenda\/webinar-tecnologia-5g\/","og_locale":"es_ES","og_type":"article","og_title":"Webinar La tecnologia 5G: Una oportunitat per a la ind\u00fastria","og_description":"Webinar La tecnologia 5G: Una oportunitat per a la ind\u00fastria","og_url":"https:\/\/nodusbarbera.cat\/es\/agenda\/webinar-tecnologia-5g\/","og_site_name":"Nodus Barber\u00e0","article_publisher":"https:\/\/www.facebook.com\/nodusbarbera","article_modified_time":"2020-11-24T10:08:23+00:00","og_image":[{"url":"https:\/\/nodusbarbera.cat\/wp-content\/uploads\/tecnologia-5G-webinar-600-400.jpg","type":"","width":"","height":""}],"twitter_card":"summary_large_image","twitter_site":"@nodusbarbera","twitter_misc":{"Tiempo de lectura":"1 minuto"},"schema":{"@context":"https:\/\/schema.org","@graph":[{"@type":"WebPage","@id":"https:\/\/nodusbarbera.cat\/es\/agenda\/webinar-tecnologia-5g\/","url":"https:\/\/nodusbarbera.cat\/es\/agenda\/webinar-tecnologia-5g\/","name":"Webinar La tecnologia 5G: Una oportunitat per a la ind\u00fastria","isPartOf":{"@id":"https:\/\/nodusbarbera.cat\/#website"},"datePublished":"2020-11-20T13:18:43+00:00","dateModified":"2020-11-24T10:08:23+00:00","description":"Webinar La tecnologia 5G: Una oportunitat per a la ind\u00fastria","breadcrumb":{"@id":"https:\/\/nodusbarbera.cat\/es\/agenda\/webinar-tecnologia-5g\/#breadcrumb"},"inLanguage":"es","potentialAction":[{"@type":"ReadAction","target":["https:\/\/nodusbarbera.cat\/es\/agenda\/webinar-tecnologia-5g\/"]}]},{"@type":"BreadcrumbList","@id":"https:\/\/nodusbarbera.cat\/es\/agenda\/webinar-tecnologia-5g\/#breadcrumb","itemListElement":[{"@type":"ListItem","position":1,"name":"Inici","item":"https:\/\/nodusbarbera.cat\/"},{"@type":"ListItem","position":2,"name":"Agenda","item":"https:\/\/nodusbarbera.cat\/es\/agenda\/"},{"@type":"ListItem","position":3,"name":"Webinar La tecnolog\u00eda 5G: Una oportunidad para la industria"}]},{"@type":"WebSite","@id":"https:\/\/nodusbarbera.cat\/#website","url":"https:\/\/nodusbarbera.cat\/","name":"Nodus Barber\u00e0","description":"Lloguer d&#039;oficines i despatxos a Barber\u00e0 del Vall\u00e8s, Barcelona.","publisher":{"@id":"https:\/\/nodusbarbera.cat\/#organization"},"potentialAction":[{"@type":"SearchAction","target":{"@type":"EntryPoint","urlTemplate":"https:\/\/nodusbarbera.cat\/?s={search_term_string}"},"query-input":{"@type":"PropertyValueSpecification","valueRequired":true,"valueName":"search_term_string"}}],"inLanguage":"es"},{"@type":"Organization","@id":"https:\/\/nodusbarbera.cat\/#organization","name":"Nodus Barber\u00e0","url":"https:\/\/nodusbarbera.cat\/","logo":{"@type":"ImageObject","inLanguage":"es","@id":"https:\/\/nodusbarbera.cat\/#\/schema\/logo\/image\/","url":"https:\/\/i0.wp.com\/nodusbarbera.cat\/wp-content\/uploads\/logo-footer-250.png?fit=250%2C231&ssl=1","contentUrl":"https:\/\/i0.wp.com\/nodusbarbera.cat\/wp-content\/uploads\/logo-footer-250.png?fit=250%2C231&ssl=1","width":250,"height":231,"caption":"Nodus Barber\u00e0"},"image":{"@id":"https:\/\/nodusbarbera.cat\/#\/schema\/logo\/image\/"},"sameAs":["https:\/\/www.facebook.com\/nodusbarbera","https:\/\/x.com\/nodusbarbera","https:\/\/www.instagram.com\/nodusbarbera\/","https:\/\/www.linkedin.com\/company\/nodus-barbera\/","https:\/\/www.youtube.com\/channel\/UCLJYdjFDfFQP1aGYuzUFd6A"]}]}},"_links":{"self":[{"href":"https:\/\/nodusbarbera.cat\/es\/wp-json\/wp\/v2\/pages\/5774","targetHints":{"allow":["GET"]}}],"collection":[{"href":"https:\/\/nodusbarbera.cat\/es\/wp-json\/wp\/v2\/pages"}],"about":[{"href":"https:\/\/nodusbarbera.cat\/es\/wp-json\/wp\/v2\/types\/page"}],"author":[{"embeddable":true,"href":"https:\/\/nodusbarbera.cat\/es\/wp-json\/wp\/v2\/users\/2"}],"replies":[{"embeddable":true,"href":"https:\/\/nodusbarbera.cat\/es\/wp-json\/wp\/v2\/comments?post=5774"}],"version-history":[{"count":18,"href":"https:\/\/nodusbarbera.cat\/es\/wp-json\/wp\/v2\/pages\/5774\/revisions"}],"predecessor-version":[{"id":5812,"href":"https:\/\/nodusbarbera.cat\/es\/wp-json\/wp\/v2\/pages\/5774\/revisions\/5812"}],"up":[{"embeddable":true,"href":"https:\/\/nodusbarbera.cat\/es\/wp-json\/wp\/v2\/pages\/3638"}],"wp:attachment":[{"href":"https:\/\/nodusbarbera.cat\/es\/wp-json\/wp\/v2\/media?parent=5774"}],"curies":[{"name":"wp","href":"https:\/\/api.w.org\/{rel}","templated":true}]}}