{"id":6938,"date":"2022-11-04T13:43:36","date_gmt":"2022-11-04T12:43:36","guid":{"rendered":"https:\/\/nodusbarbera.cat\/agenda\/oportunitats-negoci-fabricants-proveidors\/"},"modified":"2022-11-07T09:41:43","modified_gmt":"2022-11-07T08:41:43","slug":"oportunidades-negocio-para-fabricantes-y-proveedores","status":"publish","type":"page","link":"https:\/\/nodusbarbera.cat\/es\/agenda\/oportunidades-negocio-para-fabricantes-y-proveedores\/","title":{"rendered":"Oportunidades de negocio para fabricantes y proveedores"},"content":{"rendered":"<h1>Jornada Startup + Industria = Futuro<\/h1>\n<h2>Oportunidades de negocio para fabricantes y proveedores<\/h2>\n<p><img decoding=\"async\" src=\"\/wp-content\/uploads\/openindustry.jpg\" alt=\"\"><\/p>\n<div>\n<p><span>Desde\u00a0<\/span><span>OpenIndustry<\/span><span>\u00a0trabajamos con un grupo de empresas tecnol\u00f3gicas (start-ups) con prototipo finalizado y con necesidades de producci\u00f3n en serie.<\/span><\/p>\n<p><span>Hay que acercar este grupo de empresas tecnol\u00f3gicas a las industrias del territorio con el objetivo de ponerlas en contacto para que encuentren fabricantes y consigan bonos proveedores.<\/span><\/p>\n<p><span>Pondremos en contacto emprendidas industriales con potenciales clientes a trav\u00e9s de entrevistas bilaterales personalizadas.<\/span><\/p>\n<p><span>Por eso, si eres fabricante y buscas clientes potenciales para producir en serie los prototipos de estas empresas, <strong>inscrib\u00edos a la jornada siguiendo estos pasos:<\/strong><\/span><\/p>\n<ol>\n<li>Llena el Formulario de inscripci\u00f3n.<\/li>\n<li><span>Una vez completada la inscripci\u00f3n tendr\u00e9is acceso a una breve presentaci\u00f3n del prototipo. Seleccionar en caso de querer una entrevista con la empresa.<\/span><\/li>\n<li><span>Recibir\u00e9is una agenda personalizada de entrevistas bilaterales para conocer m\u00e1s y mejor las necesidades de fabricaci\u00f3n de las empresas el d\u00eda de la jornada <\/span>(16 DE NOVIEMBRE)<\/li>\n<\/ol>\n<p><strong>La jornada NO est\u00e1 obierta al p\u00fablico.<\/strong> <span>Va dirigida al tejido industrial previa invitaci\u00f3n, y la agenda es personalizada.<\/span><\/p>\n<h3><strong>Inscripciones:<\/strong><\/h3>\n<p>A trav\u00e9s del formulario online.<\/p>\n<p><strong>M\u00e1s Informaci\u00f3n:<br \/><\/strong>Centre de Negocis Nodus Barber\u00e0<br \/><a href=\"tel:+34937297272\">Tel. 93 729 72 72<\/a><br \/><a href=\"mailto:nodus@nodusbarbera.cat\" target=\"_blank\" rel=\"noopener\">nodus@nodusbarbera.cat<\/a><\/p>\n<\/div>\n<p>\n    <a href=\"https:\/\/docs.google.com\/forms\/d\/e\/1FAIpQLSdvJEbZP9FmRW2SX2zonpvQfwAZRRuCI7B0fz3eT9UVH2SCwA\/viewform\">Formulario online<\/a>\n<\/p>\n<p>[calendar]<\/p>\n<div>\n<div>\n<h3>Quan?<\/h3>\n<p>dimecres 16 de novembre de 2022\u00a0<\/p>\n<\/div>\n<\/div>\n<p>[clock]<\/p>\n<div>\n<div>\n<h3>Hora<\/h3>\n<p>de 15:00h a 19:00h<\/p>\n<\/div>\n<\/div>\n<p>[location]<\/p>\n<div>\n<div>\n<h3>On?<a href=\"https:\/\/goo.gl\/maps\/ZGp8BqTLok82\"><\/a><\/h3>\n<p><strong>Centre de negocis Nodus Barber\u00e0<\/strong><br \/>Pol. Ind. Can Salvatella<br \/>Carrer Mogoda, 1<br \/>08210 Barber\u00e0 del Vall\u00e8s<\/p>\n<\/div>\n<\/div>\n<h2>Subscriu-te al nostre butllet\u00ed<\/h2>\n<div>\n<p>Estigues al dia de l&#8217;agenda de Nodus Barber\u00e0.<\/p>\n<\/div>\n<p><!--more--><br \/>\n<!-- {\"type\":\"layout\",\"children\":[{\"name\":\"Intro\",\"type\":\"section\",\"props\":{\"style\":\"muted\",\"width\":\"large\",\"image_size\":\"contain\",\"animation\":\"fade\",\"padding_remove_top\":false,\"image\":\"\",\"image_position\":\"bottom-center\",\"media_overlay\":\"rgba(255, 255, 255, 0.87)\",\"class\":\"\",\"overlap\":false,\"header_transparent\":\"dark\",\"vertical_align\":\"middle\",\"title_position\":\"top-left\",\"title_rotation\":\"left\",\"title_breakpoint\":\"xl\"},\"children\":[{\"name\":\"\",\"type\":\"row\",\"props\":{\"layout\":\"1-2,1-2\",\"column_gap\":\"large\"},\"children\":[{\"name\":\"\",\"type\":\"column\",\"props\":{\"image_position\":\"center-center\",\"media_overlay_gradient\":\"\",\"width_medium\":\"1-2\",\"position_sticky_breakpoint\":\"m\",\"vertical_align\":\"middle\"},\"children\":[{\"name\":\"\",\"type\":\"headline\",\"props\":{\"title_element\":\"h1\",\"content\":\"Jornada Startup + Industria = Futuro\",\"title_style\":\"heading-small\",\"text_align\":\"left\",\"animation\":\"slide-right-medium\",\"title_color\":\"primary\"}},{\"name\":\"\",\"type\":\"headline\",\"props\":{\"title_element\":\"h2\",\"content\":\"Oportunidades de negocio para fabricantes y proveedores\",\"title_style\":\"h4\",\"text_align\":\"left\",\"animation\":\"slide-right-medium\",\"title_color\":\"primary\"}}]},{\"type\":\"column\",\"props\":{\"image_position\":\"center-center\",\"media_overlay_gradient\":\"\",\"width_medium\":\"1-2\",\"position_sticky_breakpoint\":\"m\"},\"children\":[{\"name\":\"\",\"type\":\"image\",\"props\":{\"margin\":\"default\",\"image\":\"wp-content\\\/uploads\\\/openindustry.jpg\",\"animation\":\"slide-bottom-medium\",\"text_align\":\"center\",\"image_alt\":\"\",\"image_height\":\"400\",\"image_svg_color\":\"emphasis\"}}]}]},{\"type\":\"row\",\"children\":[{\"type\":\"column\",\"props\":{\"position_sticky_breakpoint\":\"m\",\"image_position\":\"center-center\",\"media_overlay_gradient\":\"\"},\"children\":[{\"name\":\"\",\"type\":\"text\",\"props\":{\"column_breakpoint\":\"m\",\"margin\":\"default\",\"content\":\"\n\n<p><span>Desde\\u00a0<\\\/span><span>OpenIndustry<\\\/span><span>\\u00a0trabajamos con un grupo de empresas tecnol\\u00f3gicas (start-ups) con prototipo finalizado y con necesidades de producci\\u00f3n en serie.<\\\/span><br \\\/><br \\\/><span>Hay que acercar este grupo de empresas tecnol\\u00f3gicas a las industrias del territorio con el objetivo de ponerlas en contacto para que encuentren fabricantes y consigan bonos proveedores.<\\\/span><br \\\/><br \\\/><span>Pondremos en contacto emprendidas industriales con potenciales clientes a trav\\u00e9s de entrevistas bilaterales personalizadas.<\\\/span><br \\\/><br \\\/><span>Por eso, si eres fabricante y buscas clientes potenciales para producir en serie los prototipos de estas empresas, <strong>inscrib\\u00edos a la jornada siguiendo estos pasos:<\\\/strong><\\\/span><\\\/p>\\n\n\n<ol>\\n\n\n<li>Llena el Formulario de inscripci\\u00f3n.<\\\/li>\\n\n\n<li><span>Una vez completada la inscripci\\u00f3n tendr\\u00e9is acceso a una breve presentaci\\u00f3n del prototipo. Seleccionar en caso de querer una entrevista con la empresa.<\\\/span><\\\/li>\\n\n\n<li><span>Recibir\\u00e9is una agenda personalizada de entrevistas bilaterales para conocer m\\u00e1s y mejor las necesidades de fabricaci\\u00f3n de las empresas el d\\u00eda de la jornada <\\\/span>(16 DE NOVIEMBRE)<\\\/li>\\n<\\\/ol>\\n\n\n<p><strong>La jornada NO est\\u00e1 obierta al p\\u00fablico.<\\\/strong> <span>Va dirigida al tejido industrial previa invitaci\\u00f3n, y la agenda es personalizada.<\\\/span><\\\/p>\\n\n\n<h3><strong>Inscripciones:<\\\/strong><\\\/h3>\\n\n\n<p>A trav\\u00e9s del formulario online.<\\\/p>\\n\n\n<p><strong>M\\u00e1s Informaci\\u00f3n:<br \\\/><\\\/strong>Centre de Negocis Nodus Barber\\u00e0<br \\\/><a href=\\\"tel:+34937297272\\\">Tel. 93 729 72 72<\\\/a><br \\\/><a href=\\\"mailto:nodus@nodusbarbera.cat\\\" target=\\\"_blank\\\" rel=\\\"noopener\\\">nodus@nodusbarbera.cat<\\\/a><\\\/p>\",\"column\":\"1-2\"}},{\"name\":\"\",\"type\":\"button\",\"props\":{\"margin\":\"medium\",\"text_align\":\"center\",\"grid_column_gap\":\"small\",\"grid_row_gap\":\"small\"},\"children\":[{\"name\":\"\",\"type\":\"button_item\",\"props\":{\"button_style\":\"primary\",\"icon_align\":\"left\",\"content\":\"Formulario online\",\"link\":\"https:\\\/\\\/docs.google.com\\\/forms\\\/d\\\/e\\\/1FAIpQLSdvJEbZP9FmRW2SX2zonpvQfwAZRRuCI7B0fz3eT9UVH2SCwA\\\/viewform\",\"link_target\":\"blank\"}}]}]}]}]},{\"type\":\"section\",\"props\":{\"style\":\"default\",\"width\":\"large\",\"vertical_align\":\"middle\",\"title_position\":\"top-left\",\"title_rotation\":\"left\",\"title_breakpoint\":\"xl\",\"image_position\":\"center-center\"},\"children\":[{\"type\":\"row\",\"props\":{\"layout\":\"1-3,1-3,1-3\"},\"children\":[{\"type\":\"column\",\"props\":{\"image_position\":\"center-center\",\"media_overlay_gradient\":\"\",\"width_medium\":\"1-3\",\"position_sticky_breakpoint\":\"m\"},\"children\":[{\"type\":\"icon\",\"props\":{\"icon\":\"calendar\",\"margin\":\"default\",\"icon_color\":\"primary\",\"text_align\":\"center\",\"maxwidth\":\"medium\",\"block_align\":\"center\",\"icon_width\":60}},{\"type\":\"list\",\"props\":{\"show_image\":true,\"show_link\":true,\"image_align\":\"left\",\"image_vertical_align\":false,\"content_style\":\"h5\",\"icon_color\":\"primary\",\"text_align\":\"center\",\"maxwidth\":\"medium\",\"icon_ratio\":\"\",\"icon\":\"\",\"image_svg_color\":\"emphasis\",\"block_align\":\"center\",\"list_size\":\"\",\"list_element\":\"ul\",\"column_breakpoint\":\"m\",\"list_type\":\"vertical\",\"list_horizontal_separator\":\", \"},\"children\":[{\"type\":\"list_item\",\"props\":{\"icon\":\"\",\"content\":\"\n\n<h3>Quan?<\\\/h3>\\n\n\n<p>dimecres 16 de novembre de 2022\\u00a0<\\\/p>\"}}]}]},{\"type\":\"column\",\"props\":{\"image_position\":\"center-center\",\"media_overlay_gradient\":\"\",\"width_medium\":\"1-3\",\"position_sticky_breakpoint\":\"m\"},\"children\":[{\"type\":\"icon\",\"props\":{\"icon\":\"clock\",\"margin\":\"default\",\"icon_color\":\"primary\",\"text_align\":\"center\",\"maxwidth\":\"medium\",\"block_align\":\"center\",\"icon_width\":60}},{\"type\":\"list\",\"props\":{\"show_image\":true,\"show_link\":true,\"image_align\":\"left\",\"image_vertical_align\":false,\"content_style\":\"h5\",\"icon_color\":\"primary\",\"text_align\":\"center\",\"maxwidth\":\"medium\",\"icon_ratio\":\"\",\"icon\":\"\",\"image_svg_color\":\"emphasis\",\"block_align\":\"center\",\"list_size\":\"\",\"list_element\":\"ul\",\"column_breakpoint\":\"m\",\"list_type\":\"vertical\",\"list_horizontal_separator\":\", \"},\"children\":[{\"type\":\"list_item\",\"props\":{\"icon\":\"\",\"content\":\"\n\n<h3>Hora<\\\/h3>\\n\n\n<p>de 15:00h a 19:00h<\\\/p>\"}}]}]},{\"type\":\"column\",\"props\":{\"image_position\":\"center-center\",\"media_overlay_gradient\":\"\",\"width_medium\":\"1-3\",\"position_sticky_breakpoint\":\"m\"},\"children\":[{\"type\":\"icon\",\"props\":{\"icon\":\"location\",\"margin\":\"default\",\"icon_color\":\"primary\",\"text_align\":\"center\",\"maxwidth\":\"medium\",\"block_align\":\"center\",\"icon_width\":60}},{\"type\":\"list\",\"props\":{\"show_image\":true,\"show_link\":true,\"image_align\":\"left\",\"image_vertical_align\":false,\"content_style\":\"h5\",\"icon_color\":\"primary\",\"text_align\":\"center\",\"maxwidth\":\"medium\",\"icon_ratio\":\"\",\"icon\":\"\",\"image_svg_color\":\"emphasis\",\"block_align\":\"center\",\"list_size\":\"\",\"list_element\":\"ul\",\"column_breakpoint\":\"m\",\"list_type\":\"vertical\",\"list_horizontal_separator\":\", \"},\"children\":[{\"type\":\"list_item\",\"props\":{\"icon\":\"\",\"content\":\"\n\n<h3>On?<a href=\\\"https:\\\/\\\/goo.gl\\\/maps\\\/ZGp8BqTLok82\\\"><\\\/a><\\\/h3>\\n\n\n<p><strong>Centre de negocis Nodus Barber\\u00e0<\\\/strong><br \\\/>Pol. Ind. Can Salvatella<br \\\/>Carrer Mogoda, 1<br \\\/>08210 Barber\\u00e0 del Vall\\u00e8s<\\\/p>\"}}]}]}]}]},{\"name\":\"CTA newsletter\",\"type\":\"section\",\"props\":{\"style\":\"primary\",\"width\":\"small\",\"vertical_align\":\"middle\",\"title_position\":\"top-left\",\"title_rotation\":\"left\",\"title_breakpoint\":\"xl\",\"image_position\":\"center-center\",\"image\":\"wp-content\\\/uploads\\\/IMG_6048.jpg\",\"padding\":\"large\",\"padding_remove_bottom\":false,\"image_size\":\"cover\",\"media_background\":\"rgba(170, 55, 55, 0)\",\"media_overlay\":\"rgba(0, 0, 0, 0.25)\",\"preserve_color\":false},\"children\":[{\"name\":\"\",\"type\":\"row\",\"props\":{\"layout\":\"1-3,2-3\",\"margin\":\"remove-vertical\",\"vertical_align\":false,\"column_gap\":\"large\",\"row_gap\":\"large\"},\"children\":[{\"name\":\"\",\"type\":\"column\",\"props\":{\"image_position\":\"center-center\",\"image\":\"\",\"padding\":\"large\",\"image_width\":\"1559\",\"image_height\":\"315\",\"media_overlay_gradient\":\"\",\"width_medium\":\"1-3\",\"position_sticky_breakpoint\":\"m\"},\"children\":[{\"name\":\"\",\"type\":\"headline\",\"props\":{\"title_element\":\"h2\",\"text_align\":\"left\",\"content\":\"Subscriu-te al nostre butllet\\u00ed\",\"title_style\":\"h3\",\"title_color\":\"warning\"}}]},{\"name\":\"\",\"type\":\"column\",\"props\":{\"image_position\":\"center-center\",\"media_overlay_gradient\":\"\",\"width_medium\":\"2-3\",\"position_sticky_breakpoint\":\"m\"},\"children\":[{\"name\":\"\",\"type\":\"newsletter\",\"props\":{\"layout\":\"grid\",\"show_name\":false,\"label_first_name\":\"First name\",\"label_last_name\":\"Last name\",\"label_email\":\"Adre\\u00e7a electr\\u00f2nica\",\"label_button\":\"Enviar\",\"provider\":{\"name\":\"mailchimp\",\"after_submit\":\"message\",\"message\":\"You've been subscribed successfully.\",\"redirect\":\"\"},\"mailchimp\":{\"client_id\":\"\",\"list_id\":\"\"},\"cmonitor\":{\"client_id\":\"\",\"list_id\":\"\"},\"button_mode\":\"button\",\"button_style\":\"primary\",\"button_icon\":\"mail\",\"form_size\":\"\",\"maxwidth\":\"2xlarge\",\"form_style\":\"\",\"button_margin\":\"\",\"gap\":\"\"}},{\"name\":\"\",\"type\":\"text\",\"props\":{\"margin\":\"default\",\"column_breakpoint\":\"m\",\"content\":\"\n\n<p>Estigues al dia de l'agenda de Nodus Barber\\u00e0.<\\\/p>\",\"text_style\":\"lead\",\"text_color\":\"warning\",\"css\":\".el-element {color: white !important;}\"}}]}]}]}],\"version\":\"3.0.9\"} --><\/p>\n","protected":false},"excerpt":{"rendered":"<p>Jornada Startup + Industria = Futuro Oportunidades de negocio para fabricantes y proveedores Desde\u00a0OpenIndustry\u00a0trabajamos con un grupo de empresas tecnol\u00f3gicas (start-ups) con prototipo finalizado y con necesidades de producci\u00f3n en serie. Hay que acercar este grupo de empresas tecnol\u00f3gicas a las industrias del territorio con el objetivo de ponerlas en contacto para que encuentren fabricantes [&hellip;]<\/p>\n","protected":false},"author":2,"featured_media":6934,"parent":3638,"menu_order":0,"comment_status":"closed","ping_status":"closed","template":"","meta":{"footnotes":""},"class_list":["post-6938","page","type-page","status-publish","has-post-thumbnail","hentry"],"yoast_head":"<!-- This site is optimized with the Yoast SEO plugin v27.5 - https:\/\/yoast.com\/product\/yoast-seo-wordpress\/ -->\n<title>Oportunidades de negocio para fabricantes y proveedores - Nodus Barber\u00e0<\/title>\n<meta name=\"robots\" content=\"index, follow, max-snippet:-1, max-image-preview:large, max-video-preview:-1\" \/>\n<link rel=\"canonical\" href=\"https:\/\/nodusbarbera.cat\/es\/agenda\/oportunidades-negocio-para-fabricantes-y-proveedores\/\" \/>\n<meta property=\"og:locale\" content=\"es_ES\" \/>\n<meta property=\"og:type\" content=\"article\" \/>\n<meta property=\"og:title\" content=\"Oportunidades de negocio para fabricantes y proveedores - Nodus Barber\u00e0\" \/>\n<meta property=\"og:description\" content=\"Jornada Startup + Industria = Futuro Oportunidades de negocio para fabricantes y proveedores Desde\u00a0OpenIndustry\u00a0trabajamos con un grupo de empresas tecnol\u00f3gicas (start-ups) con prototipo finalizado y con necesidades de producci\u00f3n en serie. Hay que acercar este grupo de empresas tecnol\u00f3gicas a las industrias del territorio con el objetivo de ponerlas en contacto para que encuentren fabricantes [&hellip;]\" \/>\n<meta property=\"og:url\" content=\"https:\/\/nodusbarbera.cat\/es\/agenda\/oportunidades-negocio-para-fabricantes-y-proveedores\/\" \/>\n<meta property=\"og:site_name\" content=\"Nodus Barber\u00e0\" \/>\n<meta property=\"article:publisher\" content=\"https:\/\/www.facebook.com\/nodusbarbera\" \/>\n<meta property=\"article:modified_time\" content=\"2022-11-07T08:41:43+00:00\" \/>\n<meta property=\"og:image\" content=\"https:\/\/nodusbarbera.cat\/wp-content\/uploads\/openindustry.jpg\" \/>\n\t<meta property=\"og:image:width\" content=\"1200\" \/>\n\t<meta property=\"og:image:height\" content=\"700\" \/>\n\t<meta property=\"og:image:type\" content=\"image\/jpeg\" \/>\n<meta name=\"twitter:card\" content=\"summary_large_image\" \/>\n<meta name=\"twitter:site\" content=\"@nodusbarbera\" \/>\n<meta name=\"twitter:label1\" content=\"Tiempo de lectura\" \/>\n\t<meta name=\"twitter:data1\" content=\"3 minutos\" \/>\n<script type=\"application\/ld+json\" class=\"yoast-schema-graph\">{\"@context\":\"https:\\\/\\\/schema.org\",\"@graph\":[{\"@type\":\"WebPage\",\"@id\":\"https:\\\/\\\/nodusbarbera.cat\\\/es\\\/agenda\\\/oportunidades-negocio-para-fabricantes-y-proveedores\\\/\",\"url\":\"https:\\\/\\\/nodusbarbera.cat\\\/es\\\/agenda\\\/oportunidades-negocio-para-fabricantes-y-proveedores\\\/\",\"name\":\"Oportunidades de negocio para fabricantes y proveedores - Nodus Barber\u00e0\",\"isPartOf\":{\"@id\":\"https:\\\/\\\/nodusbarbera.cat\\\/#website\"},\"primaryImageOfPage\":{\"@id\":\"https:\\\/\\\/nodusbarbera.cat\\\/es\\\/agenda\\\/oportunidades-negocio-para-fabricantes-y-proveedores\\\/#primaryimage\"},\"image\":{\"@id\":\"https:\\\/\\\/nodusbarbera.cat\\\/es\\\/agenda\\\/oportunidades-negocio-para-fabricantes-y-proveedores\\\/#primaryimage\"},\"thumbnailUrl\":\"https:\\\/\\\/nodusbarbera.cat\\\/wp-content\\\/uploads\\\/openindustry.jpg\",\"datePublished\":\"2022-11-04T12:43:36+00:00\",\"dateModified\":\"2022-11-07T08:41:43+00:00\",\"breadcrumb\":{\"@id\":\"https:\\\/\\\/nodusbarbera.cat\\\/es\\\/agenda\\\/oportunidades-negocio-para-fabricantes-y-proveedores\\\/#breadcrumb\"},\"inLanguage\":\"es\",\"potentialAction\":[{\"@type\":\"ReadAction\",\"target\":[\"https:\\\/\\\/nodusbarbera.cat\\\/es\\\/agenda\\\/oportunidades-negocio-para-fabricantes-y-proveedores\\\/\"]}]},{\"@type\":\"ImageObject\",\"inLanguage\":\"es\",\"@id\":\"https:\\\/\\\/nodusbarbera.cat\\\/es\\\/agenda\\\/oportunidades-negocio-para-fabricantes-y-proveedores\\\/#primaryimage\",\"url\":\"https:\\\/\\\/nodusbarbera.cat\\\/wp-content\\\/uploads\\\/openindustry.jpg\",\"contentUrl\":\"https:\\\/\\\/nodusbarbera.cat\\\/wp-content\\\/uploads\\\/openindustry.jpg\",\"width\":1200,\"height\":700},{\"@type\":\"BreadcrumbList\",\"@id\":\"https:\\\/\\\/nodusbarbera.cat\\\/es\\\/agenda\\\/oportunidades-negocio-para-fabricantes-y-proveedores\\\/#breadcrumb\",\"itemListElement\":[{\"@type\":\"ListItem\",\"position\":1,\"name\":\"Inici\",\"item\":\"https:\\\/\\\/nodusbarbera.cat\\\/\"},{\"@type\":\"ListItem\",\"position\":2,\"name\":\"Agenda\",\"item\":\"https:\\\/\\\/nodusbarbera.cat\\\/es\\\/agenda\\\/\"},{\"@type\":\"ListItem\",\"position\":3,\"name\":\"Oportunidades de negocio para fabricantes y proveedores\"}]},{\"@type\":\"WebSite\",\"@id\":\"https:\\\/\\\/nodusbarbera.cat\\\/#website\",\"url\":\"https:\\\/\\\/nodusbarbera.cat\\\/\",\"name\":\"Nodus Barber\u00e0\",\"description\":\"Lloguer d&#039;oficines i despatxos a Barber\u00e0 del Vall\u00e8s, Barcelona.\",\"publisher\":{\"@id\":\"https:\\\/\\\/nodusbarbera.cat\\\/#organization\"},\"potentialAction\":[{\"@type\":\"SearchAction\",\"target\":{\"@type\":\"EntryPoint\",\"urlTemplate\":\"https:\\\/\\\/nodusbarbera.cat\\\/?s={search_term_string}\"},\"query-input\":{\"@type\":\"PropertyValueSpecification\",\"valueRequired\":true,\"valueName\":\"search_term_string\"}}],\"inLanguage\":\"es\"},{\"@type\":\"Organization\",\"@id\":\"https:\\\/\\\/nodusbarbera.cat\\\/#organization\",\"name\":\"Nodus Barber\u00e0\",\"url\":\"https:\\\/\\\/nodusbarbera.cat\\\/\",\"logo\":{\"@type\":\"ImageObject\",\"inLanguage\":\"es\",\"@id\":\"https:\\\/\\\/nodusbarbera.cat\\\/#\\\/schema\\\/logo\\\/image\\\/\",\"url\":\"https:\\\/\\\/i0.wp.com\\\/nodusbarbera.cat\\\/wp-content\\\/uploads\\\/logo-footer-250.png?fit=250%2C231&ssl=1\",\"contentUrl\":\"https:\\\/\\\/i0.wp.com\\\/nodusbarbera.cat\\\/wp-content\\\/uploads\\\/logo-footer-250.png?fit=250%2C231&ssl=1\",\"width\":250,\"height\":231,\"caption\":\"Nodus Barber\u00e0\"},\"image\":{\"@id\":\"https:\\\/\\\/nodusbarbera.cat\\\/#\\\/schema\\\/logo\\\/image\\\/\"},\"sameAs\":[\"https:\\\/\\\/www.facebook.com\\\/nodusbarbera\",\"https:\\\/\\\/x.com\\\/nodusbarbera\",\"https:\\\/\\\/www.instagram.com\\\/nodusbarbera\\\/\",\"https:\\\/\\\/www.linkedin.com\\\/company\\\/nodus-barbera\\\/\",\"https:\\\/\\\/www.youtube.com\\\/channel\\\/UCLJYdjFDfFQP1aGYuzUFd6A\"]}]}<\/script>\n<!-- \/ Yoast SEO plugin. -->","yoast_head_json":{"title":"Oportunidades de negocio para fabricantes y proveedores - Nodus Barber\u00e0","robots":{"index":"index","follow":"follow","max-snippet":"max-snippet:-1","max-image-preview":"max-image-preview:large","max-video-preview":"max-video-preview:-1"},"canonical":"https:\/\/nodusbarbera.cat\/es\/agenda\/oportunidades-negocio-para-fabricantes-y-proveedores\/","og_locale":"es_ES","og_type":"article","og_title":"Oportunidades de negocio para fabricantes y proveedores - Nodus Barber\u00e0","og_description":"Jornada Startup + Industria = Futuro Oportunidades de negocio para fabricantes y proveedores Desde\u00a0OpenIndustry\u00a0trabajamos con un grupo de empresas tecnol\u00f3gicas (start-ups) con prototipo finalizado y con necesidades de producci\u00f3n en serie. Hay que acercar este grupo de empresas tecnol\u00f3gicas a las industrias del territorio con el objetivo de ponerlas en contacto para que encuentren fabricantes [&hellip;]","og_url":"https:\/\/nodusbarbera.cat\/es\/agenda\/oportunidades-negocio-para-fabricantes-y-proveedores\/","og_site_name":"Nodus Barber\u00e0","article_publisher":"https:\/\/www.facebook.com\/nodusbarbera","article_modified_time":"2022-11-07T08:41:43+00:00","og_image":[{"width":1200,"height":700,"url":"https:\/\/nodusbarbera.cat\/wp-content\/uploads\/openindustry.jpg","type":"image\/jpeg"}],"twitter_card":"summary_large_image","twitter_site":"@nodusbarbera","twitter_misc":{"Tiempo de lectura":"3 minutos"},"schema":{"@context":"https:\/\/schema.org","@graph":[{"@type":"WebPage","@id":"https:\/\/nodusbarbera.cat\/es\/agenda\/oportunidades-negocio-para-fabricantes-y-proveedores\/","url":"https:\/\/nodusbarbera.cat\/es\/agenda\/oportunidades-negocio-para-fabricantes-y-proveedores\/","name":"Oportunidades de negocio para fabricantes y proveedores - Nodus Barber\u00e0","isPartOf":{"@id":"https:\/\/nodusbarbera.cat\/#website"},"primaryImageOfPage":{"@id":"https:\/\/nodusbarbera.cat\/es\/agenda\/oportunidades-negocio-para-fabricantes-y-proveedores\/#primaryimage"},"image":{"@id":"https:\/\/nodusbarbera.cat\/es\/agenda\/oportunidades-negocio-para-fabricantes-y-proveedores\/#primaryimage"},"thumbnailUrl":"https:\/\/nodusbarbera.cat\/wp-content\/uploads\/openindustry.jpg","datePublished":"2022-11-04T12:43:36+00:00","dateModified":"2022-11-07T08:41:43+00:00","breadcrumb":{"@id":"https:\/\/nodusbarbera.cat\/es\/agenda\/oportunidades-negocio-para-fabricantes-y-proveedores\/#breadcrumb"},"inLanguage":"es","potentialAction":[{"@type":"ReadAction","target":["https:\/\/nodusbarbera.cat\/es\/agenda\/oportunidades-negocio-para-fabricantes-y-proveedores\/"]}]},{"@type":"ImageObject","inLanguage":"es","@id":"https:\/\/nodusbarbera.cat\/es\/agenda\/oportunidades-negocio-para-fabricantes-y-proveedores\/#primaryimage","url":"https:\/\/nodusbarbera.cat\/wp-content\/uploads\/openindustry.jpg","contentUrl":"https:\/\/nodusbarbera.cat\/wp-content\/uploads\/openindustry.jpg","width":1200,"height":700},{"@type":"BreadcrumbList","@id":"https:\/\/nodusbarbera.cat\/es\/agenda\/oportunidades-negocio-para-fabricantes-y-proveedores\/#breadcrumb","itemListElement":[{"@type":"ListItem","position":1,"name":"Inici","item":"https:\/\/nodusbarbera.cat\/"},{"@type":"ListItem","position":2,"name":"Agenda","item":"https:\/\/nodusbarbera.cat\/es\/agenda\/"},{"@type":"ListItem","position":3,"name":"Oportunidades de negocio para fabricantes y proveedores"}]},{"@type":"WebSite","@id":"https:\/\/nodusbarbera.cat\/#website","url":"https:\/\/nodusbarbera.cat\/","name":"Nodus Barber\u00e0","description":"Lloguer d&#039;oficines i despatxos a Barber\u00e0 del Vall\u00e8s, Barcelona.","publisher":{"@id":"https:\/\/nodusbarbera.cat\/#organization"},"potentialAction":[{"@type":"SearchAction","target":{"@type":"EntryPoint","urlTemplate":"https:\/\/nodusbarbera.cat\/?s={search_term_string}"},"query-input":{"@type":"PropertyValueSpecification","valueRequired":true,"valueName":"search_term_string"}}],"inLanguage":"es"},{"@type":"Organization","@id":"https:\/\/nodusbarbera.cat\/#organization","name":"Nodus Barber\u00e0","url":"https:\/\/nodusbarbera.cat\/","logo":{"@type":"ImageObject","inLanguage":"es","@id":"https:\/\/nodusbarbera.cat\/#\/schema\/logo\/image\/","url":"https:\/\/i0.wp.com\/nodusbarbera.cat\/wp-content\/uploads\/logo-footer-250.png?fit=250%2C231&ssl=1","contentUrl":"https:\/\/i0.wp.com\/nodusbarbera.cat\/wp-content\/uploads\/logo-footer-250.png?fit=250%2C231&ssl=1","width":250,"height":231,"caption":"Nodus Barber\u00e0"},"image":{"@id":"https:\/\/nodusbarbera.cat\/#\/schema\/logo\/image\/"},"sameAs":["https:\/\/www.facebook.com\/nodusbarbera","https:\/\/x.com\/nodusbarbera","https:\/\/www.instagram.com\/nodusbarbera\/","https:\/\/www.linkedin.com\/company\/nodus-barbera\/","https:\/\/www.youtube.com\/channel\/UCLJYdjFDfFQP1aGYuzUFd6A"]}]}},"_links":{"self":[{"href":"https:\/\/nodusbarbera.cat\/es\/wp-json\/wp\/v2\/pages\/6938","targetHints":{"allow":["GET"]}}],"collection":[{"href":"https:\/\/nodusbarbera.cat\/es\/wp-json\/wp\/v2\/pages"}],"about":[{"href":"https:\/\/nodusbarbera.cat\/es\/wp-json\/wp\/v2\/types\/page"}],"author":[{"embeddable":true,"href":"https:\/\/nodusbarbera.cat\/es\/wp-json\/wp\/v2\/users\/2"}],"replies":[{"embeddable":true,"href":"https:\/\/nodusbarbera.cat\/es\/wp-json\/wp\/v2\/comments?post=6938"}],"version-history":[{"count":7,"href":"https:\/\/nodusbarbera.cat\/es\/wp-json\/wp\/v2\/pages\/6938\/revisions"}],"predecessor-version":[{"id":6948,"href":"https:\/\/nodusbarbera.cat\/es\/wp-json\/wp\/v2\/pages\/6938\/revisions\/6948"}],"up":[{"embeddable":true,"href":"https:\/\/nodusbarbera.cat\/es\/wp-json\/wp\/v2\/pages\/3638"}],"wp:featuredmedia":[{"embeddable":true,"href":"https:\/\/nodusbarbera.cat\/es\/wp-json\/wp\/v2\/media\/6934"}],"wp:attachment":[{"href":"https:\/\/nodusbarbera.cat\/es\/wp-json\/wp\/v2\/media?parent=6938"}],"curies":[{"name":"wp","href":"https:\/\/api.w.org\/{rel}","templated":true}]}}