{"id":7984,"date":"2025-01-30T13:29:40","date_gmt":"2025-01-30T12:29:40","guid":{"rendered":"https:\/\/nodusbarbera.cat\/agenda\/fem-industria-arriba-a-nodus-barbera\/"},"modified":"2025-01-30T13:45:56","modified_gmt":"2025-01-30T12:45:56","slug":"fem-industria-llega-a-nodus-barbera","status":"publish","type":"page","link":"https:\/\/nodusbarbera.cat\/es\/agenda\/fem-industria-llega-a-nodus-barbera\/","title":{"rendered":"\u00a1Fem Ind\u00fastria llega a Nodus Barber\u00e0!"},"content":{"rendered":"<h2>Fem Ind\u00fastria<\/h2>\n<div>\n<p>la RED de EMPRESARIAS y DIRECTIVAS DE BARBER\u00c0 DEL VALL\u00c8S y ASEMPIAB BARBER\u00c0 DEL VALL\u00c8S organizan #FemInd\u00fastria, un punto de encuentro para impulsar la competitividad, la igualdad y las alianzas dentro del sector industrial.<\/p>\n<p><strong>Qui\u00e9n estar\u00e1?<\/strong> Expertos y representantes institucionales debatir\u00e1n sobre liderazgo femenino, innovaci\u00f3n sostenible y conexiones de proximidad.<\/p>\n<p>Tablas de debate | Ponencias | Reflexiones<\/p>\n<\/div>\n<p><p>\n        <a href=\"https:\/\/inscriu.me\/ca\/fem-industria\">Inscr\u00edbete<\/a>\n    <\/p>\n<\/p>\n<p><img decoding=\"async\" src=\"\/wp-content\/uploads\/1738155840600.jpeg\" alt=\"\"><br \/>\n[calendar]<\/p>\n<div>\n<div>\n<h3>\u00bfCu\u00e1ndo?<\/h3>\n<p>20 de febrero<\/p>\n<\/div>\n<\/div>\n<p>[clock]<\/p>\n<div>\n<div>\n<h3>Hora<\/h3>\n<p>de 9:00h a 13:00h<\/p>\n<\/div>\n<\/div>\n<p>[location]<\/p>\n<div>\n<div>\n<h3>\u00bfD\u00f3nde?<\/h3>\n<p><a href=\"https:\/\/goo.gl\/maps\/ZGp8BqTLok82\">Nodus Barber\u00e0<\/a><\/p>\n<\/div>\n<\/div>\n<h2>Subscriu-te al nostre butllet\u00ed<\/h2>\n<div>\n<p>Estigues al dia de l&#8217;agenda de Nodus Barber\u00e0.<\/p>\n<\/div>\n<p><!--more--><br \/>\n<!-- {\"type\":\"layout\",\"children\":[{\"name\":\"Intro\",\"type\":\"section\",\"props\":{\"animation\":\"fade\",\"header_transparent\":true,\"header_transparent_text_color\":\"dark\",\"image_position\":\"bottom-center\",\"image_size\":\"contain\",\"media_overlay\":\"rgba(255, 255, 255, 0.87)\",\"overlap\":false,\"padding_remove_top\":false,\"style\":\"muted\",\"title_breakpoint\":\"xl\",\"title_position\":\"top-left\",\"title_rotation\":\"left\",\"vertical_align\":\"\",\"width\":\"large\"},\"children\":[{\"type\":\"row\",\"props\":{\"layout\":\"1-2,1-2\"},\"children\":[{\"type\":\"column\",\"props\":{\"image_position\":\"center-center\",\"position_sticky_breakpoint\":\"m\",\"width_medium\":\"1-2\"},\"children\":[{\"type\":\"headline\",\"props\":{\"animation\":\"slide-right-medium\",\"content\":\"Fem Ind\\u00fastria\",\"title_color\":\"primary\",\"title_element\":\"h2\",\"title_style\":\"heading-small\"}},{\"type\":\"text\",\"props\":{\"column_breakpoint\":\"m\",\"content\":\"\n\n<p>la RED de EMPRESARIAS y DIRECTIVAS DE BARBER\\u00c0 DEL VALL\\u00c8S y ASEMPIAB BARBER\\u00c0 DEL VALL\\u00c8S organizan #FemInd\\u00fastria, un punto de encuentro para impulsar la competitividad, la igualdad y las alianzas dentro del sector industrial.<\\\/p>\\n\n\n<p><strong>Qui\\u00e9n estar\\u00e1?<\\\/strong> Expertos y representantes institucionales debatir\\u00e1n sobre liderazgo femenino, innovaci\\u00f3n sostenible y conexiones de proximidad.<\\\/p>\\n\n\n<p>Tablas de debate | Ponencias | Reflexiones<\\\/p>\",\"margin\":\"default\"}},{\"type\":\"button\",\"props\":{\"grid_column_gap\":\"small\",\"grid_row_gap\":\"small\",\"margin\":\"default\"},\"children\":[{\"type\":\"button_item\",\"props\":{\"button_style\":\"primary\",\"content\":\"Inscr\\u00edbete\",\"dialog_layout\":\"modal\",\"dialog_offcanvas_flip\":true,\"icon_align\":\"left\",\"link\":\"https:\\\/\\\/inscriu.me\\\/ca\\\/fem-industria\",\"link_target\":\"blank\"}}]}]},{\"type\":\"column\",\"props\":{\"image_position\":\"center-center\",\"position_sticky_breakpoint\":\"m\",\"width_medium\":\"1-2\"},\"children\":[{\"type\":\"image\",\"props\":{\"animation\":\"slide-bottom-medium\",\"image\":\"wp-content\\\/uploads\\\/1738155840600.jpeg\",\"image_height\":\"400\",\"image_svg_color\":\"emphasis\",\"margin\":\"default\",\"text_align\":\"center\"}}]}]}]},{\"type\":\"section\",\"props\":{\"image_position\":\"center-center\",\"style\":\"default\",\"title_breakpoint\":\"xl\",\"title_position\":\"top-left\",\"title_rotation\":\"left\",\"vertical_align\":\"\",\"width\":\"large\"},\"children\":[{\"type\":\"row\",\"props\":{\"layout\":\"1-3,1-3,1-3\"},\"children\":[{\"type\":\"column\",\"props\":{\"image_position\":\"center-center\",\"position_sticky_breakpoint\":\"m\",\"width_medium\":\"1-3\"},\"children\":[{\"type\":\"icon\",\"props\":{\"block_align\":\"center\",\"icon\":\"calendar\",\"icon_color\":\"primary\",\"icon_width\":60,\"margin\":\"default\",\"maxwidth\":\"medium\",\"text_align\":\"center\"}},{\"type\":\"list\",\"props\":{\"block_align\":\"center\",\"column_breakpoint\":\"m\",\"content_style\":\"h5\",\"icon_color\":\"primary\",\"image_align\":\"left\",\"image_svg_color\":\"emphasis\",\"image_vertical_align\":false,\"list_element\":\"ul\",\"list_horizontal_separator\":\", \",\"list_type\":\"vertical\",\"maxwidth\":\"medium\",\"show_image\":true,\"show_link\":true,\"text_align\":\"center\"},\"children\":[{\"type\":\"list_item\",\"props\":{\"content\":\"\n\n<h3>\\u00bfCu\\u00e1ndo?<\\\/h3>\\n\n\n<p>20 de febrero<\\\/p>\",\"icon\":\"\"}}]}]},{\"type\":\"column\",\"props\":{\"image_position\":\"center-center\",\"position_sticky_breakpoint\":\"m\",\"width_medium\":\"1-3\"},\"children\":[{\"type\":\"icon\",\"props\":{\"block_align\":\"center\",\"icon\":\"clock\",\"icon_color\":\"primary\",\"icon_width\":60,\"margin\":\"default\",\"maxwidth\":\"medium\",\"text_align\":\"center\"}},{\"type\":\"list\",\"props\":{\"block_align\":\"center\",\"column_breakpoint\":\"m\",\"content_style\":\"h5\",\"icon_color\":\"primary\",\"image_align\":\"left\",\"image_svg_color\":\"emphasis\",\"image_vertical_align\":false,\"list_element\":\"ul\",\"list_horizontal_separator\":\", \",\"list_type\":\"vertical\",\"maxwidth\":\"medium\",\"show_image\":true,\"show_link\":true,\"text_align\":\"center\"},\"children\":[{\"type\":\"list_item\",\"props\":{\"content\":\"\n\n<h3>Hora<\\\/h3>\\n\n\n<p>de 9:00h a 13:00h<\\\/p>\",\"icon\":\"\"}}]}]},{\"type\":\"column\",\"props\":{\"image_position\":\"center-center\",\"position_sticky_breakpoint\":\"m\",\"width_medium\":\"1-3\"},\"children\":[{\"type\":\"icon\",\"props\":{\"block_align\":\"center\",\"icon\":\"location\",\"icon_color\":\"primary\",\"icon_width\":60,\"margin\":\"default\",\"maxwidth\":\"medium\",\"text_align\":\"center\"}},{\"type\":\"list\",\"props\":{\"block_align\":\"center\",\"column_breakpoint\":\"m\",\"content_style\":\"h5\",\"icon_color\":\"primary\",\"image_align\":\"left\",\"image_svg_color\":\"emphasis\",\"image_vertical_align\":false,\"list_element\":\"ul\",\"list_horizontal_separator\":\", \",\"list_type\":\"vertical\",\"maxwidth\":\"medium\",\"show_image\":true,\"show_link\":true,\"text_align\":\"center\"},\"children\":[{\"type\":\"list_item\",\"props\":{\"content\":\"\n\n<h3>\\u00bfD\\u00f3nde?<\\\/h3>\\n\n\n<p><a href=\\\"https:\\\/\\\/goo.gl\\\/maps\\\/ZGp8BqTLok82\\\">Nodus Barber\\u00e0<\\\/a><\\\/p>\",\"icon\":\"\"}}]}]}]}]},{\"name\":\"CTA newsletter\",\"type\":\"section\",\"props\":{\"image\":\"wp-content\\\/uploads\\\/IMG_6048.jpg\",\"image_position\":\"center-center\",\"image_size\":\"cover\",\"media_background\":\"rgba(170, 55, 55, 0)\",\"media_overlay\":\"rgba(0, 0, 0, 0.25)\",\"padding\":\"large\",\"padding_remove_bottom\":false,\"preserve_color\":false,\"style\":\"primary\",\"title_breakpoint\":\"xl\",\"title_position\":\"top-left\",\"title_rotation\":\"left\",\"vertical_align\":\"\",\"width\":\"small\"},\"children\":[{\"type\":\"row\",\"props\":{\"column_gap\":\"large\",\"layout\":\"1-3,2-3\",\"margin\":\"remove-vertical\",\"row_gap\":\"large\"},\"children\":[{\"type\":\"column\",\"props\":{\"image_height\":\"315\",\"image_position\":\"center-center\",\"image_width\":\"1559\",\"padding\":\"large\",\"position_sticky_breakpoint\":\"m\",\"width_medium\":\"1-3\"},\"children\":[{\"type\":\"headline\",\"props\":{\"content\":\"Subscriu-te al nostre butllet\\u00ed\",\"text_align\":\"left\",\"title_color\":\"warning\",\"title_element\":\"h2\",\"title_style\":\"h3\"}}]},{\"type\":\"column\",\"props\":{\"image_position\":\"center-center\",\"position_sticky_breakpoint\":\"m\",\"width_medium\":\"2-3\"},\"children\":[{\"type\":\"newsletter\",\"props\":{\"button_icon\":\"mail\",\"button_mode\":\"button\",\"button_style\":\"primary\",\"cmonitor\":{\"client_id\":\"\",\"list_id\":\"\"},\"label_button\":\"Enviar\",\"label_email\":\"Adre\\u00e7a electr\\u00f2nica\",\"label_first_name\":\"First name\",\"label_last_name\":\"Last name\",\"layout\":\"grid\",\"mailchimp\":{\"client_id\":\"\",\"list_id\":\"\"},\"maxwidth\":\"2xlarge\",\"provider\":{\"name\":\"mailchimp\",\"after_submit\":\"message\",\"message\":\"You've been subscribed successfully.\",\"redirect\":\"\"},\"show_name\":false}},{\"type\":\"text\",\"props\":{\"column_breakpoint\":\"m\",\"content\":\"\n\n<p>Estigues al dia de l'agenda de Nodus Barber\\u00e0.<\\\/p>\",\"css\":\".el-element {color: white !important;}\",\"margin\":\"default\",\"text_color\":\"warning\",\"text_style\":\"lead\"}}]}]}]}],\"version\":\"4.5.0\"} --><\/p>\n","protected":false},"excerpt":{"rendered":"<p>Fem Ind\u00fastria la RED de EMPRESARIAS y DIRECTIVAS DE BARBER\u00c0 DEL VALL\u00c8S y ASEMPIAB BARBER\u00c0 DEL VALL\u00c8S organizan #FemInd\u00fastria, un punto de encuentro para impulsar la competitividad, la igualdad y las alianzas dentro del sector industrial. Qui\u00e9n estar\u00e1? Expertos y representantes institucionales debatir\u00e1n sobre liderazgo femenino, innovaci\u00f3n sostenible y conexiones de proximidad. Tablas de debate [&hellip;]<\/p>\n","protected":false},"author":2,"featured_media":0,"parent":3638,"menu_order":0,"comment_status":"closed","ping_status":"closed","template":"","meta":{"footnotes":""},"class_list":["post-7984","page","type-page","status-publish","hentry"],"yoast_head":"<!-- This site is optimized with the Yoast SEO plugin v27.5 - https:\/\/yoast.com\/product\/yoast-seo-wordpress\/ -->\n<title>\u00a1Fem Ind\u00fastria llega a Nodus Barber\u00e0! - Nodus Barber\u00e0<\/title>\n<meta name=\"robots\" content=\"index, follow, max-snippet:-1, max-image-preview:large, max-video-preview:-1\" \/>\n<link rel=\"canonical\" href=\"https:\/\/nodusbarbera.cat\/es\/agenda\/fem-industria-llega-a-nodus-barbera\/\" \/>\n<meta property=\"og:locale\" content=\"es_ES\" \/>\n<meta property=\"og:type\" content=\"article\" \/>\n<meta property=\"og:title\" content=\"\u00a1Fem Ind\u00fastria llega a Nodus Barber\u00e0! - Nodus Barber\u00e0\" \/>\n<meta property=\"og:description\" content=\"Fem Ind\u00fastria la RED de EMPRESARIAS y DIRECTIVAS DE BARBER\u00c0 DEL VALL\u00c8S y ASEMPIAB BARBER\u00c0 DEL VALL\u00c8S organizan #FemInd\u00fastria, un punto de encuentro para impulsar la competitividad, la igualdad y las alianzas dentro del sector industrial. Qui\u00e9n estar\u00e1? Expertos y representantes institucionales debatir\u00e1n sobre liderazgo femenino, innovaci\u00f3n sostenible y conexiones de proximidad. Tablas de debate [&hellip;]\" \/>\n<meta property=\"og:url\" content=\"https:\/\/nodusbarbera.cat\/es\/agenda\/fem-industria-llega-a-nodus-barbera\/\" \/>\n<meta property=\"og:site_name\" content=\"Nodus Barber\u00e0\" \/>\n<meta property=\"article:publisher\" content=\"https:\/\/www.facebook.com\/nodusbarbera\" \/>\n<meta property=\"article:modified_time\" content=\"2025-01-30T12:45:56+00:00\" \/>\n<meta name=\"twitter:card\" content=\"summary_large_image\" \/>\n<meta name=\"twitter:site\" content=\"@nodusbarbera\" \/>\n<meta name=\"twitter:label1\" content=\"Tiempo de lectura\" \/>\n\t<meta name=\"twitter:data1\" content=\"1 minuto\" \/>\n<script type=\"application\/ld+json\" class=\"yoast-schema-graph\">{\"@context\":\"https:\\\/\\\/schema.org\",\"@graph\":[{\"@type\":\"WebPage\",\"@id\":\"https:\\\/\\\/nodusbarbera.cat\\\/es\\\/agenda\\\/fem-industria-llega-a-nodus-barbera\\\/\",\"url\":\"https:\\\/\\\/nodusbarbera.cat\\\/es\\\/agenda\\\/fem-industria-llega-a-nodus-barbera\\\/\",\"name\":\"\u00a1Fem Ind\u00fastria llega a Nodus Barber\u00e0! - Nodus Barber\u00e0\",\"isPartOf\":{\"@id\":\"https:\\\/\\\/nodusbarbera.cat\\\/#website\"},\"datePublished\":\"2025-01-30T12:29:40+00:00\",\"dateModified\":\"2025-01-30T12:45:56+00:00\",\"breadcrumb\":{\"@id\":\"https:\\\/\\\/nodusbarbera.cat\\\/es\\\/agenda\\\/fem-industria-llega-a-nodus-barbera\\\/#breadcrumb\"},\"inLanguage\":\"es\",\"potentialAction\":[{\"@type\":\"ReadAction\",\"target\":[\"https:\\\/\\\/nodusbarbera.cat\\\/es\\\/agenda\\\/fem-industria-llega-a-nodus-barbera\\\/\"]}]},{\"@type\":\"BreadcrumbList\",\"@id\":\"https:\\\/\\\/nodusbarbera.cat\\\/es\\\/agenda\\\/fem-industria-llega-a-nodus-barbera\\\/#breadcrumb\",\"itemListElement\":[{\"@type\":\"ListItem\",\"position\":1,\"name\":\"Inici\",\"item\":\"https:\\\/\\\/nodusbarbera.cat\\\/\"},{\"@type\":\"ListItem\",\"position\":2,\"name\":\"Agenda\",\"item\":\"https:\\\/\\\/nodusbarbera.cat\\\/es\\\/agenda\\\/\"},{\"@type\":\"ListItem\",\"position\":3,\"name\":\"\u00a1Fem Ind\u00fastria llega a Nodus Barber\u00e0!\"}]},{\"@type\":\"WebSite\",\"@id\":\"https:\\\/\\\/nodusbarbera.cat\\\/#website\",\"url\":\"https:\\\/\\\/nodusbarbera.cat\\\/\",\"name\":\"Nodus Barber\u00e0\",\"description\":\"Lloguer d&#039;oficines i despatxos a Barber\u00e0 del Vall\u00e8s, Barcelona.\",\"publisher\":{\"@id\":\"https:\\\/\\\/nodusbarbera.cat\\\/#organization\"},\"potentialAction\":[{\"@type\":\"SearchAction\",\"target\":{\"@type\":\"EntryPoint\",\"urlTemplate\":\"https:\\\/\\\/nodusbarbera.cat\\\/?s={search_term_string}\"},\"query-input\":{\"@type\":\"PropertyValueSpecification\",\"valueRequired\":true,\"valueName\":\"search_term_string\"}}],\"inLanguage\":\"es\"},{\"@type\":\"Organization\",\"@id\":\"https:\\\/\\\/nodusbarbera.cat\\\/#organization\",\"name\":\"Nodus Barber\u00e0\",\"url\":\"https:\\\/\\\/nodusbarbera.cat\\\/\",\"logo\":{\"@type\":\"ImageObject\",\"inLanguage\":\"es\",\"@id\":\"https:\\\/\\\/nodusbarbera.cat\\\/#\\\/schema\\\/logo\\\/image\\\/\",\"url\":\"https:\\\/\\\/i0.wp.com\\\/nodusbarbera.cat\\\/wp-content\\\/uploads\\\/logo-footer-250.png?fit=250%2C231&ssl=1\",\"contentUrl\":\"https:\\\/\\\/i0.wp.com\\\/nodusbarbera.cat\\\/wp-content\\\/uploads\\\/logo-footer-250.png?fit=250%2C231&ssl=1\",\"width\":250,\"height\":231,\"caption\":\"Nodus Barber\u00e0\"},\"image\":{\"@id\":\"https:\\\/\\\/nodusbarbera.cat\\\/#\\\/schema\\\/logo\\\/image\\\/\"},\"sameAs\":[\"https:\\\/\\\/www.facebook.com\\\/nodusbarbera\",\"https:\\\/\\\/x.com\\\/nodusbarbera\",\"https:\\\/\\\/www.instagram.com\\\/nodusbarbera\\\/\",\"https:\\\/\\\/www.linkedin.com\\\/company\\\/nodus-barbera\\\/\",\"https:\\\/\\\/www.youtube.com\\\/channel\\\/UCLJYdjFDfFQP1aGYuzUFd6A\"]}]}<\/script>\n<!-- \/ Yoast SEO plugin. -->","yoast_head_json":{"title":"\u00a1Fem Ind\u00fastria llega a Nodus Barber\u00e0! - Nodus Barber\u00e0","robots":{"index":"index","follow":"follow","max-snippet":"max-snippet:-1","max-image-preview":"max-image-preview:large","max-video-preview":"max-video-preview:-1"},"canonical":"https:\/\/nodusbarbera.cat\/es\/agenda\/fem-industria-llega-a-nodus-barbera\/","og_locale":"es_ES","og_type":"article","og_title":"\u00a1Fem Ind\u00fastria llega a Nodus Barber\u00e0! - Nodus Barber\u00e0","og_description":"Fem Ind\u00fastria la RED de EMPRESARIAS y DIRECTIVAS DE BARBER\u00c0 DEL VALL\u00c8S y ASEMPIAB BARBER\u00c0 DEL VALL\u00c8S organizan #FemInd\u00fastria, un punto de encuentro para impulsar la competitividad, la igualdad y las alianzas dentro del sector industrial. Qui\u00e9n estar\u00e1? Expertos y representantes institucionales debatir\u00e1n sobre liderazgo femenino, innovaci\u00f3n sostenible y conexiones de proximidad. Tablas de debate [&hellip;]","og_url":"https:\/\/nodusbarbera.cat\/es\/agenda\/fem-industria-llega-a-nodus-barbera\/","og_site_name":"Nodus Barber\u00e0","article_publisher":"https:\/\/www.facebook.com\/nodusbarbera","article_modified_time":"2025-01-30T12:45:56+00:00","twitter_card":"summary_large_image","twitter_site":"@nodusbarbera","twitter_misc":{"Tiempo de lectura":"1 minuto"},"schema":{"@context":"https:\/\/schema.org","@graph":[{"@type":"WebPage","@id":"https:\/\/nodusbarbera.cat\/es\/agenda\/fem-industria-llega-a-nodus-barbera\/","url":"https:\/\/nodusbarbera.cat\/es\/agenda\/fem-industria-llega-a-nodus-barbera\/","name":"\u00a1Fem Ind\u00fastria llega a Nodus Barber\u00e0! - Nodus Barber\u00e0","isPartOf":{"@id":"https:\/\/nodusbarbera.cat\/#website"},"datePublished":"2025-01-30T12:29:40+00:00","dateModified":"2025-01-30T12:45:56+00:00","breadcrumb":{"@id":"https:\/\/nodusbarbera.cat\/es\/agenda\/fem-industria-llega-a-nodus-barbera\/#breadcrumb"},"inLanguage":"es","potentialAction":[{"@type":"ReadAction","target":["https:\/\/nodusbarbera.cat\/es\/agenda\/fem-industria-llega-a-nodus-barbera\/"]}]},{"@type":"BreadcrumbList","@id":"https:\/\/nodusbarbera.cat\/es\/agenda\/fem-industria-llega-a-nodus-barbera\/#breadcrumb","itemListElement":[{"@type":"ListItem","position":1,"name":"Inici","item":"https:\/\/nodusbarbera.cat\/"},{"@type":"ListItem","position":2,"name":"Agenda","item":"https:\/\/nodusbarbera.cat\/es\/agenda\/"},{"@type":"ListItem","position":3,"name":"\u00a1Fem Ind\u00fastria llega a Nodus Barber\u00e0!"}]},{"@type":"WebSite","@id":"https:\/\/nodusbarbera.cat\/#website","url":"https:\/\/nodusbarbera.cat\/","name":"Nodus Barber\u00e0","description":"Lloguer d&#039;oficines i despatxos a Barber\u00e0 del Vall\u00e8s, Barcelona.","publisher":{"@id":"https:\/\/nodusbarbera.cat\/#organization"},"potentialAction":[{"@type":"SearchAction","target":{"@type":"EntryPoint","urlTemplate":"https:\/\/nodusbarbera.cat\/?s={search_term_string}"},"query-input":{"@type":"PropertyValueSpecification","valueRequired":true,"valueName":"search_term_string"}}],"inLanguage":"es"},{"@type":"Organization","@id":"https:\/\/nodusbarbera.cat\/#organization","name":"Nodus Barber\u00e0","url":"https:\/\/nodusbarbera.cat\/","logo":{"@type":"ImageObject","inLanguage":"es","@id":"https:\/\/nodusbarbera.cat\/#\/schema\/logo\/image\/","url":"https:\/\/i0.wp.com\/nodusbarbera.cat\/wp-content\/uploads\/logo-footer-250.png?fit=250%2C231&ssl=1","contentUrl":"https:\/\/i0.wp.com\/nodusbarbera.cat\/wp-content\/uploads\/logo-footer-250.png?fit=250%2C231&ssl=1","width":250,"height":231,"caption":"Nodus Barber\u00e0"},"image":{"@id":"https:\/\/nodusbarbera.cat\/#\/schema\/logo\/image\/"},"sameAs":["https:\/\/www.facebook.com\/nodusbarbera","https:\/\/x.com\/nodusbarbera","https:\/\/www.instagram.com\/nodusbarbera\/","https:\/\/www.linkedin.com\/company\/nodus-barbera\/","https:\/\/www.youtube.com\/channel\/UCLJYdjFDfFQP1aGYuzUFd6A"]}]}},"_links":{"self":[{"href":"https:\/\/nodusbarbera.cat\/es\/wp-json\/wp\/v2\/pages\/7984","targetHints":{"allow":["GET"]}}],"collection":[{"href":"https:\/\/nodusbarbera.cat\/es\/wp-json\/wp\/v2\/pages"}],"about":[{"href":"https:\/\/nodusbarbera.cat\/es\/wp-json\/wp\/v2\/types\/page"}],"author":[{"embeddable":true,"href":"https:\/\/nodusbarbera.cat\/es\/wp-json\/wp\/v2\/users\/2"}],"replies":[{"embeddable":true,"href":"https:\/\/nodusbarbera.cat\/es\/wp-json\/wp\/v2\/comments?post=7984"}],"version-history":[{"count":5,"href":"https:\/\/nodusbarbera.cat\/es\/wp-json\/wp\/v2\/pages\/7984\/revisions"}],"predecessor-version":[{"id":7994,"href":"https:\/\/nodusbarbera.cat\/es\/wp-json\/wp\/v2\/pages\/7984\/revisions\/7994"}],"up":[{"embeddable":true,"href":"https:\/\/nodusbarbera.cat\/es\/wp-json\/wp\/v2\/pages\/3638"}],"wp:attachment":[{"href":"https:\/\/nodusbarbera.cat\/es\/wp-json\/wp\/v2\/media?parent=7984"}],"curies":[{"name":"wp","href":"https:\/\/api.w.org\/{rel}","templated":true}]}}